{"id":50,"date":"2020-11-18T14:25:32","date_gmt":"2020-11-18T14:25:32","guid":{"rendered":"http:\/\/mosna-capaclia-heritage.eu\/?page_id=50"},"modified":"2021-09-28T13:24:13","modified_gmt":"2021-09-28T13:24:13","slug":"fotografii","status":"publish","type":"page","link":"https:\/\/mosna-capaclia-heritage.eu\/en\/fotografii\/","title":{"rendered":"Fotografii"},"content":{"rendered":"\n<blockquote class=\"wp-block-quote is-style-large\"><p>Semn de amintire &#8211; 10 Maiu 1929 &#8211; sus la Cet\u0103\u021buie!<\/p><\/blockquote>\n\n\n\n<figure class=\"wp-block-image size-large\"><img loading=\"lazy\" width=\"1024\" height=\"815\" src=\"http:\/\/mosna-capaclia-heritage.eu\/wp-content\/uploads\/2021\/07\/poze004-2-1024x815.jpg\" alt=\"\" class=\"wp-image-1138\" srcset=\"https:\/\/mosna-capaclia-heritage.eu\/wp-content\/uploads\/2021\/07\/poze004-2-1024x815.jpg 1024w, https:\/\/mosna-capaclia-heritage.eu\/wp-content\/uploads\/2021\/07\/poze004-2-300x239.jpg 300w, https:\/\/mosna-capaclia-heritage.eu\/wp-content\/uploads\/2021\/07\/poze004-2-768x611.jpg 768w, https:\/\/mosna-capaclia-heritage.eu\/wp-content\/uploads\/2021\/07\/poze004-2-1536x1222.jpg 1536w, https:\/\/mosna-capaclia-heritage.eu\/wp-content\/uploads\/2021\/07\/poze004-2-2048x1629.jpg 2048w, https:\/\/mosna-capaclia-heritage.eu\/wp-content\/uploads\/2021\/07\/poze004-2-235x187.jpg 235w, https:\/\/mosna-capaclia-heritage.eu\/wp-content\/uploads\/2021\/07\/poze004-2-1170x931.jpg 1170w\" sizes=\"(max-width: 1024px) 100vw, 1024px\" \/><\/figure>\n\n\n\n<blockquote class=\"wp-block-quote is-style-default\"><p><\/p><\/blockquote>\n\n\n\n<p><\/p>\n\n\n\n<blockquote class=\"wp-block-quote is-style-default\"><p><\/p><\/blockquote>\n\n\n\n<blockquote class=\"wp-block-quote is-style-default\"><p><strong>Plutonul II &#8211; Gr\u0103niceri &#8211; HOTIN<\/strong><\/p><cite>Av\u00e2nd \u00eencorpora\u021bi solda\u021bi din Mo\u0219na<\/cite><\/blockquote>\n\n\n\n<figure class=\"wp-block-image size-large\"><img loading=\"lazy\" width=\"1024\" height=\"777\" src=\"http:\/\/mosna-capaclia-heritage.eu\/wp-content\/uploads\/2021\/07\/poze003-2-1024x777.jpg\" alt=\"\" class=\"wp-image-1137\" srcset=\"https:\/\/mosna-capaclia-heritage.eu\/wp-content\/uploads\/2021\/07\/poze003-2-1024x777.jpg 1024w, https:\/\/mosna-capaclia-heritage.eu\/wp-content\/uploads\/2021\/07\/poze003-2-300x228.jpg 300w, https:\/\/mosna-capaclia-heritage.eu\/wp-content\/uploads\/2021\/07\/poze003-2-768x583.jpg 768w, https:\/\/mosna-capaclia-heritage.eu\/wp-content\/uploads\/2021\/07\/poze003-2-1536x1166.jpg 1536w, https:\/\/mosna-capaclia-heritage.eu\/wp-content\/uploads\/2021\/07\/poze003-2-2048x1555.jpg 2048w, https:\/\/mosna-capaclia-heritage.eu\/wp-content\/uploads\/2021\/07\/poze003-2-246x187.jpg 246w, https:\/\/mosna-capaclia-heritage.eu\/wp-content\/uploads\/2021\/07\/poze003-2-1170x888.jpg 1170w\" sizes=\"(max-width: 1024px) 100vw, 1024px\" \/><\/figure>\n\n\n\n<blockquote class=\"wp-block-quote is-style-default\"><p><\/p><\/blockquote>\n\n\n\n<p><\/p>\n\n\n\n<blockquote class=\"wp-block-quote is-style-large\"><p><strong>Corul C\u0103minului Cultural &#8220;Prop\u0103\u0219irea&#8221; din Mo\u0219na, jud. F\u0103lciu, condus de Pr. Vasile Profir, ocup\u00e2nd locul 2, pe \u021bar\u0103, la Festivalul Restaura\u021biei, de la Bucure\u0219ti, din 8 iunie 1938<\/strong><\/p><\/blockquote>\n\n\n\n<figure class=\"wp-block-image size-large\"><img loading=\"lazy\" width=\"1024\" height=\"692\" src=\"http:\/\/mosna-capaclia-heritage.eu\/wp-content\/uploads\/2021\/07\/DOC001-2-1024x692.jpg\" alt=\"\" class=\"wp-image-1153\" srcset=\"https:\/\/mosna-capaclia-heritage.eu\/wp-content\/uploads\/2021\/07\/DOC001-2-1024x692.jpg 1024w, https:\/\/mosna-capaclia-heritage.eu\/wp-content\/uploads\/2021\/07\/DOC001-2-300x203.jpg 300w, https:\/\/mosna-capaclia-heritage.eu\/wp-content\/uploads\/2021\/07\/DOC001-2-768x519.jpg 768w, https:\/\/mosna-capaclia-heritage.eu\/wp-content\/uploads\/2021\/07\/DOC001-2-1536x1037.jpg 1536w, https:\/\/mosna-capaclia-heritage.eu\/wp-content\/uploads\/2021\/07\/DOC001-2-277x187.jpg 277w, https:\/\/mosna-capaclia-heritage.eu\/wp-content\/uploads\/2021\/07\/DOC001-2-1170x790.jpg 1170w, https:\/\/mosna-capaclia-heritage.eu\/wp-content\/uploads\/2021\/07\/DOC001-2.jpg 2033w\" sizes=\"(max-width: 1024px) 100vw, 1024px\" \/><\/figure>\n\n\n\n<blockquote class=\"wp-block-quote is-style-default\"><p><\/p><\/blockquote>\n\n\n\n<p><\/p>\n\n\n\n<p><\/p>\n\n\n\n<blockquote class=\"wp-block-quote is-style-large\"><p>\u00cen zi de s\u0103rb\u0103toare &#8211; \u00een curtea Bisericii &#8220;Sf. Voievozi&#8221; din Mo\u0219na, jud F\u0103lciu<\/p><p>Poz\u0103 facut\u0103 \u00een perioada interbelic\u0103<\/p><\/blockquote>\n\n\n\n<figure class=\"wp-block-image size-large\"><img loading=\"lazy\" width=\"1024\" height=\"557\" src=\"http:\/\/mosna-capaclia-heritage.eu\/wp-content\/uploads\/2021\/07\/DOCpoze-2-1024x557.jpg\" alt=\"\" class=\"wp-image-1155\" srcset=\"https:\/\/mosna-capaclia-heritage.eu\/wp-content\/uploads\/2021\/07\/DOCpoze-2-1024x557.jpg 1024w, https:\/\/mosna-capaclia-heritage.eu\/wp-content\/uploads\/2021\/07\/DOCpoze-2-300x163.jpg 300w, https:\/\/mosna-capaclia-heritage.eu\/wp-content\/uploads\/2021\/07\/DOCpoze-2-768x418.jpg 768w, https:\/\/mosna-capaclia-heritage.eu\/wp-content\/uploads\/2021\/07\/DOCpoze-2-1536x835.jpg 1536w, https:\/\/mosna-capaclia-heritage.eu\/wp-content\/uploads\/2021\/07\/DOCpoze-2-280x152.jpg 280w, https:\/\/mosna-capaclia-heritage.eu\/wp-content\/uploads\/2021\/07\/DOCpoze-2-1170x636.jpg 1170w, https:\/\/mosna-capaclia-heritage.eu\/wp-content\/uploads\/2021\/07\/DOCpoze-2.jpg 2023w\" sizes=\"(max-width: 1024px) 100vw, 1024px\" \/><\/figure>\n\n\n\n<blockquote class=\"wp-block-quote is-style-default\"><p><\/p><\/blockquote>\n\n\n\n<blockquote class=\"wp-block-quote is-style-large\"><p>&#8220;O fotografie a lui Ignat Neculai \u0219i a familiei sale din Mo\u0219na, jude\u021bul Falciu. Acesta este fotografiat \u00eempreun\u0103 cu so\u021bia sa \u0219i patru copii, unul dintre care este \u00eembr\u0103cat \u00een haine regionale (traditionale). Numele lui Ignat este scris pe marginea fotografiei.&#8221;<\/p><\/blockquote>\n\n\n<style>#jtg-1302 .modula-item .jtg-social a, .lightbox-socials.jtg-social a{ color: #ffffff }#jtg-1302 .modula-item .jtg-social svg, .lightbox-socials.jtg-social svg { height: 16px; width: 16px }#jtg-1302 .modula-item .jtg-social a:not(:last-child), .lightbox-socials.jtg-social a:not(:last-child) { margin-right: 10px }#jtg-1302 .modula-item .figc {color:#ffffff;}#jtg-1302 .modula-item .modula-item-content { transform: scale(1) }#jtg-1302 { width:100%;}#jtg-1302 .modula-items{height:800px;}#jtg-1302 .modula-items .figc p.description { font-size:14px; }#jtg-1302 .modula-items .figc p.description { color:#ffffff;}#jtg-1302.modula-gallery .modula-item > a, #jtg-1302.modula-gallery .modula-item, #jtg-1302.modula-gallery .modula-item-content > a { cursor:zoom-in; } @media screen and (max-width:480px){#jtg-1302 .modula-item .figc .jtg-title {  font-size: 12px; }#jtg-1302 .modula-items .figc p.description { color:#ffffff;font-size:10px; }}<\/style>\n<!-- Gallery Container -->\n<div  id=\"jtg-1302\" class=\"modula modula-gallery modula-creative-gallery\" data-config=\"{&quot;height&quot;:800,&quot;enableTwitter&quot;:false,&quot;enableWhatsapp&quot;:false,&quot;enableFacebook&quot;:false,&quot;enablePinterest&quot;:false,&quot;enableLinkedin&quot;:false,&quot;enableEmail&quot;:false,&quot;randomFactor&quot;:0.5,&quot;type&quot;:&quot;creative-gallery&quot;,&quot;columns&quot;:12,&quot;gutter&quot;:10,&quot;mobileGutter&quot;:10,&quot;tabletGutter&quot;:10,&quot;desktopGutter&quot;:10,&quot;enableResponsive&quot;:&quot;0&quot;,&quot;tabletColumns&quot;:&quot;2&quot;,&quot;mobileColumns&quot;:&quot;1&quot;,&quot;lazyLoad&quot;:&quot;0&quot;,&quot;lightboxOpts&quot;:{&quot;loop&quot;:false,&quot;arrows&quot;:true,&quot;toolbar&quot;:true,&quot;keyboard&quot;:false,&quot;wheel&quot;:false,&quot;buttons&quot;:[&quot;close&quot;],&quot;hash&quot;:false,&quot;lang&quot;:&quot;en&quot;,&quot;touch&quot;:false,&quot;protect&quot;:false,&quot;i18n&quot;:{&quot;en&quot;:{&quot;CLOSE&quot;:&quot;Close&quot;,&quot;NEXT&quot;:&quot;Next&quot;,&quot;PREV&quot;:&quot;Previous&quot;,&quot;Error&quot;:&quot;The requested content cannot be loaded. Please try again later.&quot;,&quot;PLAY_START&quot;:&quot;Start slideshow&quot;,&quot;PLAY_STOP&quot;:&quot;Pause slideshow&quot;,&quot;FULL_SCREEN&quot;:&quot;Full screen&quot;,&quot;THUMBS&quot;:&quot;Thumbnails&quot;,&quot;DOWNLOAD&quot;:&quot;Download&quot;,&quot;SHARE&quot;:&quot;Share&quot;,&quot;ZOOM&quot;:&quot;Zoom&quot;}},&quot;clickSlide&quot;:false,&quot;clickOutside&quot;:false,&quot;dblclickContent&quot;:false,&quot;dblclickSlide&quot;:false,&quot;dblclickOutside&quot;:false,&quot;clickContent&quot;:false,&quot;baseTpl&quot;:&quot;&lt;div class=\\&quot;modula-fancybox-container modula-lightbox-jtg-1302\\&quot; role=\\&quot;dialog\\&quot; tabindex=\\&quot;-1\\&quot;&gt;&lt;div class=\\&quot;modula-fancybox-bg\\&quot;&gt;&lt;\\\/div&gt;&lt;div class=\\&quot;modula-fancybox-inner\\&quot;&gt;&lt;div class=\\&quot;modula-fancybox-infobar\\&quot;&gt;&lt;span data-fancybox-index&gt;&lt;\\\/span&gt;&nbsp;\\\/&nbsp;&lt;span data-fancybox-count&gt;&lt;\\\/span&gt;&lt;\\\/div&gt;&lt;div class=\\&quot;modula-fancybox-toolbar\\&quot;&gt;{{buttons}}&lt;\\\/div&gt;&lt;div class=\\&quot;modula-fancybox-navigation\\&quot;&gt;{{arrows}}&lt;\\\/div&gt;&lt;div class=\\&quot;modula-fancybox-stage\\&quot;&gt;&lt;\\\/div&gt;&lt;div class=\\&quot;modula-fancybox-caption\\&quot;&gt;&lt;div class=\\&quot;modula-fancybox-caption__body\\&quot;&gt;&lt;\\\/div&gt;&lt;\\\/div&gt;&lt;\\\/div&gt;&lt;\\\/div&gt;&quot;},&quot;inView&quot;:false,&quot;email_subject&quot;:&quot;Check out this awesome image !!&quot;,&quot;email_message&quot;:&quot;Here is the link to the image : %%image_link%% and this is the link to the gallery : %%gallery_link%%&quot;,&quot;lightbox&quot;:&quot;fancybox&quot;}\">\n\n\t\n\t<!-- Items Container -->\n\t<div  class=\"modula-items\">\n\t\t<div class=\"modula-item effect-pufrobo\" >\n\t<div class=\"modula-item-overlay\"><\/div>\n\n\t<div class=\"modula-item-content\">\n\n\t\t\t\t\n\t\t\t\t\t<a data-image-id=\"1305\" href=\"https:\/\/mosna-capaclia-heritage.eu\/wp-content\/uploads\/2021\/07\/Neculai-Ignat-Mosna-advntist-1939-1940-1-scaled.jpg\" rel=\"jtg-1302\" data-caption=\"\" class=\"tile-inner modula-item-link\"><\/a>\n\t\t\n\t\t<img class=\"pic\"  data-valign=\"middle\" data-halign=\"center\" alt=\"\" data-full=\"http:\/\/mosna-capaclia-heritage.eu\/wp-content\/uploads\/2021\/07\/Neculai-Ignat-Mosna-advntist-1939-1940-1.jpg\" title=\"Neculai Ignat - Mosna - poza facuta in 1939\/1940\" width=\"169\" height=\"300\" src=\"https:\/\/mosna-capaclia-heritage.eu\/wp-content\/uploads\/2021\/07\/Neculai-Ignat-Mosna-advntist-1939-1940-1-169x300.jpg\" data-src=\"https:\/\/mosna-capaclia-heritage.eu\/wp-content\/uploads\/2021\/07\/Neculai-Ignat-Mosna-advntist-1939-1940-1-169x300.jpg\" data-caption=\"\"srcset=\"https:\/\/mosna-capaclia-heritage.eu\/wp-content\/uploads\/2021\/07\/Neculai-Ignat-Mosna-advntist-1939-1940-1-169x300.jpg 169w, https:\/\/mosna-capaclia-heritage.eu\/wp-content\/uploads\/2021\/07\/Neculai-Ignat-Mosna-advntist-1939-1940-1-576x1024.jpg 576w, https:\/\/mosna-capaclia-heritage.eu\/wp-content\/uploads\/2021\/07\/Neculai-Ignat-Mosna-advntist-1939-1940-1-768x1365.jpg 768w, https:\/\/mosna-capaclia-heritage.eu\/wp-content\/uploads\/2021\/07\/Neculai-Ignat-Mosna-advntist-1939-1940-1-864x1536.jpg 864w, https:\/\/mosna-capaclia-heritage.eu\/wp-content\/uploads\/2021\/07\/Neculai-Ignat-Mosna-advntist-1939-1940-1-1152x2048.jpg 1152w, https:\/\/mosna-capaclia-heritage.eu\/wp-content\/uploads\/2021\/07\/Neculai-Ignat-Mosna-advntist-1939-1940-1-105x187.jpg 105w, https:\/\/mosna-capaclia-heritage.eu\/wp-content\/uploads\/2021\/07\/Neculai-Ignat-Mosna-advntist-1939-1940-1-1170x2080.jpg 1170w, https:\/\/mosna-capaclia-heritage.eu\/wp-content\/uploads\/2021\/07\/Neculai-Ignat-Mosna-advntist-1939-1940-1-scaled.jpg 1440w\" sizes=\"(max-width: 169px) 100vw, 169px\"\" \/>\n\t\t<div class=\"figc no-description\">\n\t\t\t<div class=\"figc-inner\">\n\t\t\t\t\t\t\t\t\t\t\t\t\t\t\t<\/div>\n\t\t<\/div>\n\n\t<\/div>\n\n<\/div>\t\t\n\t<\/div>\n\n\t\n\t\n\t<script type=\"application\/ld+json\">\n\t{\n\t\t\"@context\": \"http:\/\/schema.org\",\n\t\t\"@type\"   : \"ImageGallery\",\n\t\t\"id\"      : \"https:\/\/mosna-capaclia-heritage.eu\/en\/wp-json\/wp\/v2\/pages\/50\",\n\t\t\"url\"     : \"https:\/\/mosna-capaclia-heritage.eu\/en\/wp-json\/wp\/v2\/pages\/50\"\n\t}\n\n    <\/script>\n\n\t\n<\/div>\n\n\n<blockquote class=\"wp-block-quote is-style-large\"><p>Fotografia unor solda\u021bi, respectiv Sergentul Gheorghe Sorin, C\u0103pitanul Costache Jugnaru \u0219i Costache Pi\u021bu, din Batalionul I, Regimentul 25, Compania a 4 a, sta\u021bionat\u0103 \u00een Mo\u0219na. Numele acestora sunt, de asemenea, scrise pe marginea fotografiei.<\/p><p>Atat fotografia lui Ignat Neculai, cat si cea a soldatilor au fost facute de \u0218tefan Neculai, impotriva caruia au fost folosite in procesul intentat. Neculai avea 28 de ani, era c\u0103s\u0103torit \u0219i avea doi copii, fiind originar din Cuza Vod\u0103, jude\u021bul Ialomi\u021ba, dar locuia \u00een ora\u0219ul Vaslui. Acesta \u00ee\u0219i c\u00e2\u0219tiga existen\u021ba ca fotograf, dar nu ob\u021binuse autoriza\u021bia necesar\u0103 pentru a de\u021bine un aparat de fotografiat. Faptul c\u0103 a fotografiat ace\u0219ti solda\u021bi \u00eel f\u0103cea, de asemenea, suspect \u00een viziunea autorit\u0103\u021bilor. Fotografiile men\u021bionate au fost f\u0103cute \u00eentre decembrie 1939 \u0219i februarie 1940. Neculai a fost re\u021binut in satul Mo\u0219na \u0219i a fost dus la tribunal. Baz\u00e2ndu-ne pe documentele din dosarul acestuia nu este evident \u00een ce mod s-a finalizat cazul.<\/p><p>Declara\u021bia acordat\u0103 poli\u021biei de c\u0103tre Neculai, precum \u0219i declara\u021bile martorilor, sunt ata\u0219ate la dosar. Printre acestea se g\u0103se\u0219te \u0219i declara\u021bia unui croitor evreu al regimentului, pe nume Sami Segal, la al c\u0103rui atelier Neculai a stat \u00een gazd\u0103 pentru c\u00e2teva zile. \u0218ansele nu erau de partea lui Neculai. Acesta era considerat un intrus ce avea leg\u0103turi cu str\u0103inii, prin urmare putea fi periculos pentru securitatea statului. Asocierea sa cu un croitor evreu \u00eentr-o perioad\u0103 \u00een care sentimentele antisemite erau puternice l-au f\u0103cut \u0219i mai suspect \u00een ochii autorit\u0103\u021bilor statului.<\/p><cite>Fotografiile provin de la ANIC, DGP inv. 2349, 40\/1930. Dosarul con\u021bine rapoarte ale poli\u021biei, coresponden\u021ba dintre comandan\u021bii locali de jandarmerie \u0219i Divizia General\u0103 de Poli\u021bie din Bucure\u0219ti.<\/cite><\/blockquote>\n\n\n<style>#jtg-1308 .modula-item .jtg-social a, .lightbox-socials.jtg-social a{ color: #ffffff }#jtg-1308 .modula-item .jtg-social svg, .lightbox-socials.jtg-social svg { height: 16px; width: 16px }#jtg-1308 .modula-item .jtg-social a:not(:last-child), .lightbox-socials.jtg-social a:not(:last-child) { margin-right: 10px }#jtg-1308 .modula-item .figc {color:#ffffff;}#jtg-1308 .modula-item .modula-item-content { transform: scale(1) }#jtg-1308 { width:100%;}#jtg-1308 .modula-items{height:800px;}#jtg-1308 .modula-items .figc p.description { font-size:14px; }#jtg-1308 .modula-items .figc p.description { color:#ffffff;}#jtg-1308.modula-gallery .modula-item > a, #jtg-1308.modula-gallery .modula-item, #jtg-1308.modula-gallery .modula-item-content > a { cursor:zoom-in; } @media screen and (max-width:480px){#jtg-1308 .modula-item .figc .jtg-title {  font-size: 12px; }#jtg-1308 .modula-items .figc p.description { color:#ffffff;font-size:10px; }}<\/style>\n<!-- Gallery Container -->\n<div  id=\"jtg-1308\" class=\"modula modula-gallery modula-creative-gallery\" data-config=\"{&quot;height&quot;:800,&quot;enableTwitter&quot;:false,&quot;enableWhatsapp&quot;:false,&quot;enableFacebook&quot;:false,&quot;enablePinterest&quot;:false,&quot;enableLinkedin&quot;:false,&quot;enableEmail&quot;:false,&quot;randomFactor&quot;:0.5,&quot;type&quot;:&quot;creative-gallery&quot;,&quot;columns&quot;:12,&quot;gutter&quot;:10,&quot;mobileGutter&quot;:10,&quot;tabletGutter&quot;:10,&quot;desktopGutter&quot;:10,&quot;enableResponsive&quot;:&quot;0&quot;,&quot;tabletColumns&quot;:&quot;2&quot;,&quot;mobileColumns&quot;:&quot;1&quot;,&quot;lazyLoad&quot;:&quot;0&quot;,&quot;lightboxOpts&quot;:{&quot;loop&quot;:false,&quot;arrows&quot;:true,&quot;toolbar&quot;:true,&quot;keyboard&quot;:false,&quot;wheel&quot;:false,&quot;buttons&quot;:[&quot;close&quot;],&quot;hash&quot;:false,&quot;lang&quot;:&quot;en&quot;,&quot;touch&quot;:false,&quot;protect&quot;:false,&quot;i18n&quot;:{&quot;en&quot;:{&quot;CLOSE&quot;:&quot;Close&quot;,&quot;NEXT&quot;:&quot;Next&quot;,&quot;PREV&quot;:&quot;Previous&quot;,&quot;Error&quot;:&quot;The requested content cannot be loaded. Please try again later.&quot;,&quot;PLAY_START&quot;:&quot;Start slideshow&quot;,&quot;PLAY_STOP&quot;:&quot;Pause slideshow&quot;,&quot;FULL_SCREEN&quot;:&quot;Full screen&quot;,&quot;THUMBS&quot;:&quot;Thumbnails&quot;,&quot;DOWNLOAD&quot;:&quot;Download&quot;,&quot;SHARE&quot;:&quot;Share&quot;,&quot;ZOOM&quot;:&quot;Zoom&quot;}},&quot;clickSlide&quot;:false,&quot;clickOutside&quot;:false,&quot;dblclickContent&quot;:false,&quot;dblclickSlide&quot;:false,&quot;dblclickOutside&quot;:false,&quot;clickContent&quot;:false,&quot;baseTpl&quot;:&quot;&lt;div class=\\&quot;modula-fancybox-container modula-lightbox-jtg-1308\\&quot; role=\\&quot;dialog\\&quot; tabindex=\\&quot;-1\\&quot;&gt;&lt;div class=\\&quot;modula-fancybox-bg\\&quot;&gt;&lt;\\\/div&gt;&lt;div class=\\&quot;modula-fancybox-inner\\&quot;&gt;&lt;div class=\\&quot;modula-fancybox-infobar\\&quot;&gt;&lt;span data-fancybox-index&gt;&lt;\\\/span&gt;&nbsp;\\\/&nbsp;&lt;span data-fancybox-count&gt;&lt;\\\/span&gt;&lt;\\\/div&gt;&lt;div class=\\&quot;modula-fancybox-toolbar\\&quot;&gt;{{buttons}}&lt;\\\/div&gt;&lt;div class=\\&quot;modula-fancybox-navigation\\&quot;&gt;{{arrows}}&lt;\\\/div&gt;&lt;div class=\\&quot;modula-fancybox-stage\\&quot;&gt;&lt;\\\/div&gt;&lt;div class=\\&quot;modula-fancybox-caption\\&quot;&gt;&lt;div class=\\&quot;modula-fancybox-caption__body\\&quot;&gt;&lt;\\\/div&gt;&lt;\\\/div&gt;&lt;\\\/div&gt;&lt;\\\/div&gt;&quot;},&quot;inView&quot;:false,&quot;email_subject&quot;:&quot;Check out this awesome image !!&quot;,&quot;email_message&quot;:&quot;Here is the link to the image : %%image_link%% and this is the link to the gallery : %%gallery_link%%&quot;,&quot;lightbox&quot;:&quot;fancybox&quot;}\">\n\n\t\n\t<!-- Items Container -->\n\t<div  class=\"modula-items\">\n\t\t<div class=\"modula-item effect-pufrobo\" >\n\t<div class=\"modula-item-overlay\"><\/div>\n\n\t<div class=\"modula-item-content\">\n\n\t\t\t\t\n\t\t\t\t\t<a data-image-id=\"1304\" href=\"https:\/\/mosna-capaclia-heritage.eu\/wp-content\/uploads\/2021\/07\/Grup-de-soldati-stationati-in-Mosna-1939-1940-scaled.jpg\" rel=\"jtg-1308\" data-caption=\"\" class=\"tile-inner modula-item-link\"><\/a>\n\t\t\n\t\t<img class=\"pic\"  data-valign=\"middle\" data-halign=\"center\" alt=\"\" data-full=\"http:\/\/mosna-capaclia-heritage.eu\/wp-content\/uploads\/2021\/07\/Grup-de-soldati-stationati-in-Mosna-1939-1940.jpg\" title=\"Grup de soldati - stationati in Mosna - 1939-1940\" width=\"169\" height=\"300\" src=\"https:\/\/mosna-capaclia-heritage.eu\/wp-content\/uploads\/2021\/07\/Grup-de-soldati-stationati-in-Mosna-1939-1940-169x300.jpg\" data-src=\"https:\/\/mosna-capaclia-heritage.eu\/wp-content\/uploads\/2021\/07\/Grup-de-soldati-stationati-in-Mosna-1939-1940-169x300.jpg\" data-caption=\"\"srcset=\"https:\/\/mosna-capaclia-heritage.eu\/wp-content\/uploads\/2021\/07\/Grup-de-soldati-stationati-in-Mosna-1939-1940-169x300.jpg 169w, https:\/\/mosna-capaclia-heritage.eu\/wp-content\/uploads\/2021\/07\/Grup-de-soldati-stationati-in-Mosna-1939-1940-576x1024.jpg 576w, https:\/\/mosna-capaclia-heritage.eu\/wp-content\/uploads\/2021\/07\/Grup-de-soldati-stationati-in-Mosna-1939-1940-768x1365.jpg 768w, https:\/\/mosna-capaclia-heritage.eu\/wp-content\/uploads\/2021\/07\/Grup-de-soldati-stationati-in-Mosna-1939-1940-864x1536.jpg 864w, https:\/\/mosna-capaclia-heritage.eu\/wp-content\/uploads\/2021\/07\/Grup-de-soldati-stationati-in-Mosna-1939-1940-1152x2048.jpg 1152w, https:\/\/mosna-capaclia-heritage.eu\/wp-content\/uploads\/2021\/07\/Grup-de-soldati-stationati-in-Mosna-1939-1940-105x187.jpg 105w, https:\/\/mosna-capaclia-heritage.eu\/wp-content\/uploads\/2021\/07\/Grup-de-soldati-stationati-in-Mosna-1939-1940-1170x2080.jpg 1170w, https:\/\/mosna-capaclia-heritage.eu\/wp-content\/uploads\/2021\/07\/Grup-de-soldati-stationati-in-Mosna-1939-1940-scaled.jpg 1440w\" sizes=\"(max-width: 169px) 100vw, 169px\"\" \/>\n\t\t<div class=\"figc no-description\">\n\t\t\t<div class=\"figc-inner\">\n\t\t\t\t\t\t\t\t\t\t\t\t\t\t\t<\/div>\n\t\t<\/div>\n\n\t<\/div>\n\n<\/div>\t\t\n\t<\/div>\n\n\t\n\t\n\t<script type=\"application\/ld+json\">\n\t{\n\t\t\"@context\": \"http:\/\/schema.org\",\n\t\t\"@type\"   : \"ImageGallery\",\n\t\t\"id\"      : \"https:\/\/mosna-capaclia-heritage.eu\/en\/wp-json\/wp\/v2\/pages\/50\",\n\t\t\"url\"     : \"https:\/\/mosna-capaclia-heritage.eu\/en\/wp-json\/wp\/v2\/pages\/50\"\n\t}\n\n    <\/script>\n\n\t\n<\/div>\n\n\n<blockquote class=\"wp-block-quote is-style-default\"><p><\/p><\/blockquote>\n\n\n\n<p><\/p>\n\n\n\n<p><\/p>\n\n\n\n<blockquote class=\"wp-block-quote is-style-large\"><p>Solda\u021bi r\u0103ni\u021bi pe front &#8211; trata\u021bi \u00een dispensarul de la Mo\u0219na<\/p><\/blockquote>\n\n\n\n<figure class=\"wp-block-image size-large\"><img loading=\"lazy\" width=\"1024\" height=\"717\" src=\"http:\/\/mosna-capaclia-heritage.eu\/wp-content\/uploads\/2021\/07\/poze013-2-1024x717.jpg\" alt=\"\" class=\"wp-image-1145\" srcset=\"https:\/\/mosna-capaclia-heritage.eu\/wp-content\/uploads\/2021\/07\/poze013-2-1024x717.jpg 1024w, https:\/\/mosna-capaclia-heritage.eu\/wp-content\/uploads\/2021\/07\/poze013-2-300x210.jpg 300w, https:\/\/mosna-capaclia-heritage.eu\/wp-content\/uploads\/2021\/07\/poze013-2-768x538.jpg 768w, https:\/\/mosna-capaclia-heritage.eu\/wp-content\/uploads\/2021\/07\/poze013-2-1536x1076.jpg 1536w, https:\/\/mosna-capaclia-heritage.eu\/wp-content\/uploads\/2021\/07\/poze013-2-2048x1434.jpg 2048w, https:\/\/mosna-capaclia-heritage.eu\/wp-content\/uploads\/2021\/07\/poze013-2-267x187.jpg 267w, https:\/\/mosna-capaclia-heritage.eu\/wp-content\/uploads\/2021\/07\/poze013-2-1170x819.jpg 1170w\" sizes=\"(max-width: 1024px) 100vw, 1024px\" \/><\/figure>\n\n\n\n<blockquote class=\"wp-block-quote is-style-large\"><p><\/p><p>Sergent Popa I. Constantin \u0219i Medalia \u201eVirtutea Militar\u0103\u201d<\/p><\/blockquote>\n\n\n\n<blockquote class=\"wp-block-quote is-style-default\"><p>\u00cen\u00a0<a href=\"https:\/\/ro.wikipedia.org\/wiki\/1864\">1864<\/a>, domnitorul\u00a0<a href=\"https:\/\/ro.wikipedia.org\/wiki\/Alexandru_Ioan_Cuza\">Alexandru Ioan Cuza<\/a>\u00a0a b\u0103tut dou\u0103 medalii, &#8220;Virtutea Militar\u0103&#8221; \u0219i &#8220;Devotament \u0219i Curagiu&#8221;. Dup\u0103 cum o arat\u0103 \u0219i numele, prima era destinat\u0103 militarilor; cea de-a doua, creat\u0103 dup\u0103 \u00eensemnatele inunda\u021bii din prim\u0103vara acelui an, urma s\u0103 r\u0103spl\u0103teasc\u0103 faptele celor care, cu riscul propriei vie\u021bi, au salvat oameni \u0219i bunuri \u00een timpul unor catastrofe naturale. Deoarece aceste dou\u0103 medalii nu au fost instituite legal nici nu au putut fi conferite oficial.<\/p><p>Venit dintr-o \u021bar\u0103 cu puternice tradi\u021bii \u00een domeniul decora\u021biilor,\u00a0<a href=\"https:\/\/ro.wikipedia.org\/wiki\/Carol_I_al_Rom%C3%A2niei\">Carol I al Rom\u00e2niei<\/a>, de\u0219i constr\u00e2ns prin firmanul de numire s\u0103 nu instituie nici un fel de distinc\u021bii, prin tratative diplomatice, a reu\u0219it ca\u00a0<a href=\"https:\/\/ro.wikipedia.org\/wiki\/Mare_Vizir\">Marele Vizir<\/a>\u00a0s\u0103 accepte ca domnitorul s\u0103 poat\u0103 institui decora\u021bii minore \u0219i, ca urmare, \u00een\u00a0<a href=\"https:\/\/ro.wikipedia.org\/wiki\/1872\">1872<\/a>, se instituie Medalia &#8220;Virtutea Militar\u0103&#8221; (decr. nr. 987) \u0219i Semnul Onorific pentru XVIII \u0219i XXV de ani petrecu\u021bi \u00een armat\u0103 (decr.1057).<\/p><p>Medalia &#8220;Virtutea Militar\u0103&#8221; este o reluare a distinc\u021biei create de Cuza; ea avea dou\u0103 clase (&#8220;de aur&#8221; \u0219i &#8220;de argint&#8221;), clasa a II-a acord\u00e2ndu-se \u0219i sergen\u021bilor reangaja\u021bi, pentru 12 ani de serviciu.<\/p><\/blockquote>\n\n\n\n<figure class=\"wp-block-image size-large\"><img loading=\"lazy\" width=\"661\" height=\"1024\" src=\"http:\/\/mosna-capaclia-heritage.eu\/wp-content\/uploads\/2021\/07\/poze007-2-661x1024.jpg\" alt=\"\" class=\"wp-image-1139\" srcset=\"https:\/\/mosna-capaclia-heritage.eu\/wp-content\/uploads\/2021\/07\/poze007-2-661x1024.jpg 661w, https:\/\/mosna-capaclia-heritage.eu\/wp-content\/uploads\/2021\/07\/poze007-2-194x300.jpg 194w, https:\/\/mosna-capaclia-heritage.eu\/wp-content\/uploads\/2021\/07\/poze007-2-768x1190.jpg 768w, https:\/\/mosna-capaclia-heritage.eu\/wp-content\/uploads\/2021\/07\/poze007-2-991x1536.jpg 991w, https:\/\/mosna-capaclia-heritage.eu\/wp-content\/uploads\/2021\/07\/poze007-2-1322x2048.jpg 1322w, https:\/\/mosna-capaclia-heritage.eu\/wp-content\/uploads\/2021\/07\/poze007-2-121x187.jpg 121w, https:\/\/mosna-capaclia-heritage.eu\/wp-content\/uploads\/2021\/07\/poze007-2-1170x1813.jpg 1170w, https:\/\/mosna-capaclia-heritage.eu\/wp-content\/uploads\/2021\/07\/poze007-2.jpg 1351w\" sizes=\"(max-width: 661px) 100vw, 661px\" \/><\/figure>\n\n\n<style>#jtg-1975 .modula-item .jtg-social a, .lightbox-socials.jtg-social a{ color: #ffffff }#jtg-1975 .modula-item .jtg-social svg, .lightbox-socials.jtg-social svg { height: 16px; width: 16px }#jtg-1975 .modula-item .jtg-social a:not(:last-child), .lightbox-socials.jtg-social a:not(:last-child) { margin-right: 10px }#jtg-1975 .modula-item .figc {color:#ffffff;}#jtg-1975 .modula-item .modula-item-content { transform: scale(1) }#jtg-1975 { width:100%;}#jtg-1975 .modula-items .figc p.description { font-size:14px; }#jtg-1975 .modula-items .figc p.description { color:#ffffff;}#jtg-1975.modula-gallery .modula-item > a, #jtg-1975.modula-gallery .modula-item, #jtg-1975.modula-gallery .modula-item-content > a { cursor:zoom-in; } #jtg-1975.modula-gallery .modula-item, .modula-gallery .modula-grid-sizer { width: calc(33.333333333333% - 6.6666666666667px) !important ; } #jtg-1975 .modula-items{position:relative;}@media screen and (max-width:480px){#jtg-1975 .modula-item .figc .jtg-title {  font-size: 12px; }#jtg-1975 .modula-items .figc p.description { color:#ffffff;font-size:10px; }}<\/style>\n<!-- Gallery Container -->\n<div  id=\"jtg-1975\" class=\"modula modula-gallery modula-columns\" data-config=\"{&quot;enableTwitter&quot;:false,&quot;enableWhatsapp&quot;:false,&quot;enableFacebook&quot;:false,&quot;enablePinterest&quot;:false,&quot;enableLinkedin&quot;:false,&quot;enableEmail&quot;:false,&quot;randomFactor&quot;:0.5,&quot;type&quot;:&quot;grid&quot;,&quot;columns&quot;:12,&quot;gutter&quot;:10,&quot;mobileGutter&quot;:10,&quot;tabletGutter&quot;:10,&quot;desktopGutter&quot;:10,&quot;enableResponsive&quot;:&quot;0&quot;,&quot;tabletColumns&quot;:&quot;2&quot;,&quot;mobileColumns&quot;:&quot;1&quot;,&quot;lazyLoad&quot;:&quot;0&quot;,&quot;lightboxOpts&quot;:{&quot;loop&quot;:false,&quot;arrows&quot;:true,&quot;toolbar&quot;:true,&quot;keyboard&quot;:false,&quot;wheel&quot;:false,&quot;buttons&quot;:[&quot;close&quot;],&quot;hash&quot;:false,&quot;lang&quot;:&quot;en&quot;,&quot;touch&quot;:false,&quot;protect&quot;:false,&quot;i18n&quot;:{&quot;en&quot;:{&quot;CLOSE&quot;:&quot;Close&quot;,&quot;NEXT&quot;:&quot;Next&quot;,&quot;PREV&quot;:&quot;Previous&quot;,&quot;Error&quot;:&quot;The requested content cannot be loaded. Please try again later.&quot;,&quot;PLAY_START&quot;:&quot;Start slideshow&quot;,&quot;PLAY_STOP&quot;:&quot;Pause slideshow&quot;,&quot;FULL_SCREEN&quot;:&quot;Full screen&quot;,&quot;THUMBS&quot;:&quot;Thumbnails&quot;,&quot;DOWNLOAD&quot;:&quot;Download&quot;,&quot;SHARE&quot;:&quot;Share&quot;,&quot;ZOOM&quot;:&quot;Zoom&quot;}},&quot;clickSlide&quot;:false,&quot;clickOutside&quot;:false,&quot;dblclickContent&quot;:false,&quot;dblclickSlide&quot;:false,&quot;dblclickOutside&quot;:false,&quot;clickContent&quot;:false,&quot;baseTpl&quot;:&quot;&lt;div class=\\&quot;modula-fancybox-container modula-lightbox-jtg-1975\\&quot; role=\\&quot;dialog\\&quot; tabindex=\\&quot;-1\\&quot;&gt;&lt;div class=\\&quot;modula-fancybox-bg\\&quot;&gt;&lt;\\\/div&gt;&lt;div class=\\&quot;modula-fancybox-inner\\&quot;&gt;&lt;div class=\\&quot;modula-fancybox-infobar\\&quot;&gt;&lt;span data-fancybox-index&gt;&lt;\\\/span&gt;&nbsp;\\\/&nbsp;&lt;span data-fancybox-count&gt;&lt;\\\/span&gt;&lt;\\\/div&gt;&lt;div class=\\&quot;modula-fancybox-toolbar\\&quot;&gt;{{buttons}}&lt;\\\/div&gt;&lt;div class=\\&quot;modula-fancybox-navigation\\&quot;&gt;{{arrows}}&lt;\\\/div&gt;&lt;div class=\\&quot;modula-fancybox-stage\\&quot;&gt;&lt;\\\/div&gt;&lt;div class=\\&quot;modula-fancybox-caption\\&quot;&gt;&lt;div class=\\&quot;modula-fancybox-caption__body\\&quot;&gt;&lt;\\\/div&gt;&lt;\\\/div&gt;&lt;\\\/div&gt;&lt;\\\/div&gt;&quot;},&quot;inView&quot;:false,&quot;email_subject&quot;:&quot;Check out this awesome image !!&quot;,&quot;email_message&quot;:&quot;Here is the link to the image : %%image_link%% and this is the link to the gallery : %%gallery_link%%&quot;,&quot;grid_type&quot;:&quot;3&quot;,&quot;rowHeight&quot;:150,&quot;lastRow&quot;:&quot;justify&quot;,&quot;lightbox&quot;:&quot;fancybox&quot;}\">\n\n\t<div class=\"modula-grid-sizer\"> <\/div>\n\t<!-- Items Container -->\n\t<div  class=\"modula-items grid-gallery\">\n\t\t<div class=\"modula-item effect-pufrobo\" >\n\t<div class=\"modula-item-overlay\"><\/div>\n\n\t<div class=\"modula-item-content\">\n\n\t\t\t\t\n\t\t\t\t\t<a data-image-id=\"1139\" href=\"https:\/\/mosna-capaclia-heritage.eu\/wp-content\/uploads\/2021\/07\/poze007-2.jpg\" rel=\"jtg-1975\" data-caption=\"\" class=\"tile-inner modula-item-link\"><\/a>\n\t\t\n\t\t<img class=\"pic\"  data-valign=\"middle\" data-halign=\"center\" alt=\"\" data-full=\"http:\/\/mosna-capaclia-heritage.eu\/wp-content\/uploads\/2021\/07\/poze007-2.jpg\" title=\"poze007 (2)\" width=\"194\" height=\"300\" src=\"https:\/\/mosna-capaclia-heritage.eu\/wp-content\/uploads\/2021\/07\/poze007-2-194x300.jpg\" data-src=\"https:\/\/mosna-capaclia-heritage.eu\/wp-content\/uploads\/2021\/07\/poze007-2-194x300.jpg\" data-caption=\"\"srcset=\"https:\/\/mosna-capaclia-heritage.eu\/wp-content\/uploads\/2021\/07\/poze007-2-194x300.jpg 194w, https:\/\/mosna-capaclia-heritage.eu\/wp-content\/uploads\/2021\/07\/poze007-2-661x1024.jpg 661w, https:\/\/mosna-capaclia-heritage.eu\/wp-content\/uploads\/2021\/07\/poze007-2-768x1190.jpg 768w, https:\/\/mosna-capaclia-heritage.eu\/wp-content\/uploads\/2021\/07\/poze007-2-991x1536.jpg 991w, https:\/\/mosna-capaclia-heritage.eu\/wp-content\/uploads\/2021\/07\/poze007-2-1322x2048.jpg 1322w, https:\/\/mosna-capaclia-heritage.eu\/wp-content\/uploads\/2021\/07\/poze007-2-121x187.jpg 121w, https:\/\/mosna-capaclia-heritage.eu\/wp-content\/uploads\/2021\/07\/poze007-2-1170x1813.jpg 1170w, https:\/\/mosna-capaclia-heritage.eu\/wp-content\/uploads\/2021\/07\/poze007-2.jpg 1351w\" sizes=\"(max-width: 194px) 100vw, 194px\"\" \/>\n\t\t<div class=\"figc no-description\">\n\t\t\t<div class=\"figc-inner\">\n\t\t\t\t\t\t\t\t\t\t\t\t\t\t\t<\/div>\n\t\t<\/div>\n\n\t<\/div>\n\n<\/div><div class=\"modula-item effect-pufrobo\" >\n\t<div class=\"modula-item-overlay\"><\/div>\n\n\t<div class=\"modula-item-content\">\n\n\t\t\t\t\n\t\t\t\t\t<a data-image-id=\"1514\" href=\"https:\/\/mosna-capaclia-heritage.eu\/wp-content\/uploads\/2021\/09\/DSC_0285-4.jpg\" rel=\"jtg-1975\" data-caption=\"\" class=\"tile-inner modula-item-link\"><\/a>\n\t\t\n\t\t<img class=\"pic\"  data-valign=\"middle\" data-halign=\"center\" alt=\"\" data-full=\"http:\/\/mosna-capaclia-heritage.eu\/wp-content\/uploads\/2021\/09\/DSC_0285-4.jpg\" title=\"DSC_0285\" width=\"300\" height=\"200\" src=\"https:\/\/mosna-capaclia-heritage.eu\/wp-content\/uploads\/2021\/09\/DSC_0285-4-300x200.jpg\" data-src=\"https:\/\/mosna-capaclia-heritage.eu\/wp-content\/uploads\/2021\/09\/DSC_0285-4-300x200.jpg\" data-caption=\"\"srcset=\"https:\/\/mosna-capaclia-heritage.eu\/wp-content\/uploads\/2021\/09\/DSC_0285-4-300x200.jpg 300w, https:\/\/mosna-capaclia-heritage.eu\/wp-content\/uploads\/2021\/09\/DSC_0285-4-768x513.jpg 768w, https:\/\/mosna-capaclia-heritage.eu\/wp-content\/uploads\/2021\/09\/DSC_0285-4-280x187.jpg 280w, https:\/\/mosna-capaclia-heritage.eu\/wp-content\/uploads\/2021\/09\/DSC_0285-4.jpg 833w\" sizes=\"(max-width: 300px) 100vw, 300px\"\" \/>\n\t\t<div class=\"figc no-description\">\n\t\t\t<div class=\"figc-inner\">\n\t\t\t\t\t\t\t\t\t\t\t\t\t\t\t<\/div>\n\t\t<\/div>\n\n\t<\/div>\n\n<\/div><div class=\"modula-item effect-pufrobo\" >\n\t<div class=\"modula-item-overlay\"><\/div>\n\n\t<div class=\"modula-item-content\">\n\n\t\t\t\t\n\t\t\t\t\t<a data-image-id=\"1513\" href=\"https:\/\/mosna-capaclia-heritage.eu\/wp-content\/uploads\/2021\/09\/DSC_0284-4.jpg\" rel=\"jtg-1975\" data-caption=\"\" class=\"tile-inner modula-item-link\"><\/a>\n\t\t\n\t\t<img class=\"pic\"  data-valign=\"middle\" data-halign=\"center\" alt=\"\" data-full=\"http:\/\/mosna-capaclia-heritage.eu\/wp-content\/uploads\/2021\/09\/DSC_0284-4.jpg\" title=\"DSC_0284\" width=\"300\" height=\"200\" src=\"https:\/\/mosna-capaclia-heritage.eu\/wp-content\/uploads\/2021\/09\/DSC_0284-4-300x200.jpg\" data-src=\"https:\/\/mosna-capaclia-heritage.eu\/wp-content\/uploads\/2021\/09\/DSC_0284-4-300x200.jpg\" data-caption=\"\"srcset=\"https:\/\/mosna-capaclia-heritage.eu\/wp-content\/uploads\/2021\/09\/DSC_0284-4-300x200.jpg 300w, https:\/\/mosna-capaclia-heritage.eu\/wp-content\/uploads\/2021\/09\/DSC_0284-4-768x513.jpg 768w, https:\/\/mosna-capaclia-heritage.eu\/wp-content\/uploads\/2021\/09\/DSC_0284-4-280x187.jpg 280w, https:\/\/mosna-capaclia-heritage.eu\/wp-content\/uploads\/2021\/09\/DSC_0284-4.jpg 833w\" sizes=\"(max-width: 300px) 100vw, 300px\"\" \/>\n\t\t<div class=\"figc no-description\">\n\t\t\t<div class=\"figc-inner\">\n\t\t\t\t\t\t\t\t\t\t\t\t\t\t\t<\/div>\n\t\t<\/div>\n\n\t<\/div>\n\n<\/div>\t\t\n\t<\/div>\n\n\t\n\t\n\t<script type=\"application\/ld+json\">\n\t{\n\t\t\"@context\": \"http:\/\/schema.org\",\n\t\t\"@type\"   : \"ImageGallery\",\n\t\t\"id\"      : \"https:\/\/mosna-capaclia-heritage.eu\/en\/wp-json\/wp\/v2\/pages\/50\",\n\t\t\"url\"     : \"https:\/\/mosna-capaclia-heritage.eu\/en\/wp-json\/wp\/v2\/pages\/50\"\n\t}\n\n    <\/script>\n\n\t\n<\/div>\n\n\n<blockquote class=\"wp-block-quote is-style-default\"><p><\/p><\/blockquote>\n\n\n\n<p><\/p>\n\n\n\n<blockquote class=\"wp-block-quote is-style-large\"><p>Poze l\u0103sate din genera\u021bie \u00een genera\u021bie \u00een familia Dima &#8211; Ion Dima (HULUB) &#8211; \u0219i p\u0103strate cu mult\u0103 sfin\u021benie pentru genera\u021biile ce vin \u0219i le duc numele \u00een continuare. <\/p><p>( Cele mai vechi poze dateaz\u0103 de prin 1890, p\u00e2n\u0103 \u00een anii &#8217;60 ai sec. XX)<\/p><\/blockquote>\n\n\n<style>#jtg-1778 .modula-item .jtg-social a, .lightbox-socials.jtg-social a{ color: #ffffff }#jtg-1778 .modula-item .jtg-social svg, .lightbox-socials.jtg-social svg { height: 16px; width: 16px }#jtg-1778 .modula-item .jtg-social a:not(:last-child), .lightbox-socials.jtg-social a:not(:last-child) { margin-right: 10px }#jtg-1778 .modula-item .figc {color:#ffffff;}#jtg-1778 .modula-item .modula-item-content { transform: scale(1) }#jtg-1778 { width:100%;}#jtg-1778 .modula-items{height:800px;}#jtg-1778 .modula-items .figc p.description { font-size:14px; }#jtg-1778 .modula-items .figc p.description { color:#ffffff;}#jtg-1778.modula-gallery .modula-item > a, #jtg-1778.modula-gallery .modula-item, #jtg-1778.modula-gallery .modula-item-content > a { cursor:zoom-in; } @media screen and (max-width:480px){#jtg-1778 .modula-item .figc .jtg-title {  font-size: 12px; }#jtg-1778 .modula-items .figc p.description { color:#ffffff;font-size:10px; }}<\/style>\n<!-- Gallery Container -->\n<div  id=\"jtg-1778\" class=\"modula modula-gallery modula-creative-gallery\" data-config=\"{&quot;height&quot;:800,&quot;enableTwitter&quot;:false,&quot;enableWhatsapp&quot;:false,&quot;enableFacebook&quot;:false,&quot;enablePinterest&quot;:false,&quot;enableLinkedin&quot;:false,&quot;enableEmail&quot;:false,&quot;randomFactor&quot;:0.5,&quot;type&quot;:&quot;creative-gallery&quot;,&quot;columns&quot;:12,&quot;gutter&quot;:10,&quot;mobileGutter&quot;:10,&quot;tabletGutter&quot;:10,&quot;desktopGutter&quot;:10,&quot;enableResponsive&quot;:&quot;0&quot;,&quot;tabletColumns&quot;:&quot;2&quot;,&quot;mobileColumns&quot;:&quot;1&quot;,&quot;lazyLoad&quot;:&quot;0&quot;,&quot;lightboxOpts&quot;:{&quot;loop&quot;:false,&quot;arrows&quot;:true,&quot;toolbar&quot;:true,&quot;keyboard&quot;:false,&quot;wheel&quot;:false,&quot;buttons&quot;:[&quot;close&quot;],&quot;hash&quot;:false,&quot;lang&quot;:&quot;en&quot;,&quot;touch&quot;:false,&quot;protect&quot;:false,&quot;i18n&quot;:{&quot;en&quot;:{&quot;CLOSE&quot;:&quot;Close&quot;,&quot;NEXT&quot;:&quot;Next&quot;,&quot;PREV&quot;:&quot;Previous&quot;,&quot;Error&quot;:&quot;The requested content cannot be loaded. Please try again later.&quot;,&quot;PLAY_START&quot;:&quot;Start slideshow&quot;,&quot;PLAY_STOP&quot;:&quot;Pause slideshow&quot;,&quot;FULL_SCREEN&quot;:&quot;Full screen&quot;,&quot;THUMBS&quot;:&quot;Thumbnails&quot;,&quot;DOWNLOAD&quot;:&quot;Download&quot;,&quot;SHARE&quot;:&quot;Share&quot;,&quot;ZOOM&quot;:&quot;Zoom&quot;}},&quot;clickSlide&quot;:false,&quot;clickOutside&quot;:false,&quot;dblclickContent&quot;:false,&quot;dblclickSlide&quot;:false,&quot;dblclickOutside&quot;:false,&quot;clickContent&quot;:false,&quot;baseTpl&quot;:&quot;&lt;div class=\\&quot;modula-fancybox-container modula-lightbox-jtg-1778\\&quot; role=\\&quot;dialog\\&quot; tabindex=\\&quot;-1\\&quot;&gt;&lt;div class=\\&quot;modula-fancybox-bg\\&quot;&gt;&lt;\\\/div&gt;&lt;div class=\\&quot;modula-fancybox-inner\\&quot;&gt;&lt;div class=\\&quot;modula-fancybox-infobar\\&quot;&gt;&lt;span data-fancybox-index&gt;&lt;\\\/span&gt;&nbsp;\\\/&nbsp;&lt;span data-fancybox-count&gt;&lt;\\\/span&gt;&lt;\\\/div&gt;&lt;div class=\\&quot;modula-fancybox-toolbar\\&quot;&gt;{{buttons}}&lt;\\\/div&gt;&lt;div class=\\&quot;modula-fancybox-navigation\\&quot;&gt;{{arrows}}&lt;\\\/div&gt;&lt;div class=\\&quot;modula-fancybox-stage\\&quot;&gt;&lt;\\\/div&gt;&lt;div class=\\&quot;modula-fancybox-caption\\&quot;&gt;&lt;div class=\\&quot;modula-fancybox-caption__body\\&quot;&gt;&lt;\\\/div&gt;&lt;\\\/div&gt;&lt;\\\/div&gt;&lt;\\\/div&gt;&quot;},&quot;inView&quot;:false,&quot;email_subject&quot;:&quot;Check out this awesome image !!&quot;,&quot;email_message&quot;:&quot;Here is the link to the image : %%image_link%% and this is the link to the gallery : %%gallery_link%%&quot;,&quot;lightbox&quot;:&quot;fancybox&quot;}\">\n\n\t\n\t<!-- Items Container -->\n\t<div  class=\"modula-items\">\n\t\t<div class=\"modula-item effect-pufrobo\" >\n\t<div class=\"modula-item-overlay\"><\/div>\n\n\t<div class=\"modula-item-content\">\n\n\t\t\t\t\n\t\t\t\t\t<a data-image-id=\"1529\" href=\"https:\/\/mosna-capaclia-heritage.eu\/wp-content\/uploads\/2021\/09\/DSC_0300-4.jpg\" rel=\"jtg-1778\" data-caption=\"\" class=\"tile-inner modula-item-link\"><\/a>\n\t\t\n\t\t<img class=\"pic\"  data-valign=\"middle\" data-halign=\"center\" alt=\"\" data-full=\"http:\/\/mosna-capaclia-heritage.eu\/wp-content\/uploads\/2021\/09\/DSC_0300-4.jpg\" title=\"DSC_0300\" width=\"200\" height=\"300\" src=\"https:\/\/mosna-capaclia-heritage.eu\/wp-content\/uploads\/2021\/09\/DSC_0300-4-200x300.jpg\" data-src=\"https:\/\/mosna-capaclia-heritage.eu\/wp-content\/uploads\/2021\/09\/DSC_0300-4-200x300.jpg\" data-caption=\"\"srcset=\"https:\/\/mosna-capaclia-heritage.eu\/wp-content\/uploads\/2021\/09\/DSC_0300-4-200x300.jpg 200w, https:\/\/mosna-capaclia-heritage.eu\/wp-content\/uploads\/2021\/09\/DSC_0300-4-125x187.jpg 125w, https:\/\/mosna-capaclia-heritage.eu\/wp-content\/uploads\/2021\/09\/DSC_0300-4.jpg 555w\" sizes=\"(max-width: 200px) 100vw, 200px\"\" \/>\n\t\t<div class=\"figc no-description\">\n\t\t\t<div class=\"figc-inner\">\n\t\t\t\t\t\t\t\t\t\t\t\t\t\t\t<\/div>\n\t\t<\/div>\n\n\t<\/div>\n\n<\/div><div class=\"modula-item effect-pufrobo\" >\n\t<div class=\"modula-item-overlay\"><\/div>\n\n\t<div class=\"modula-item-content\">\n\n\t\t\t\t\n\t\t\t\t\t<a data-image-id=\"1526\" href=\"https:\/\/mosna-capaclia-heritage.eu\/wp-content\/uploads\/2021\/09\/DSC_0297-4.jpg\" rel=\"jtg-1778\" data-caption=\"\" class=\"tile-inner modula-item-link\"><\/a>\n\t\t\n\t\t<img class=\"pic\"  data-valign=\"middle\" data-halign=\"center\" alt=\"\" data-full=\"http:\/\/mosna-capaclia-heritage.eu\/wp-content\/uploads\/2021\/09\/DSC_0297-4.jpg\" title=\"DSC_0297\" width=\"200\" height=\"300\" src=\"https:\/\/mosna-capaclia-heritage.eu\/wp-content\/uploads\/2021\/09\/DSC_0297-4-200x300.jpg\" data-src=\"https:\/\/mosna-capaclia-heritage.eu\/wp-content\/uploads\/2021\/09\/DSC_0297-4-200x300.jpg\" data-caption=\"\"srcset=\"https:\/\/mosna-capaclia-heritage.eu\/wp-content\/uploads\/2021\/09\/DSC_0297-4-200x300.jpg 200w, https:\/\/mosna-capaclia-heritage.eu\/wp-content\/uploads\/2021\/09\/DSC_0297-4-125x187.jpg 125w, https:\/\/mosna-capaclia-heritage.eu\/wp-content\/uploads\/2021\/09\/DSC_0297-4.jpg 485w\" sizes=\"(max-width: 200px) 100vw, 200px\"\" \/>\n\t\t<div class=\"figc no-description\">\n\t\t\t<div class=\"figc-inner\">\n\t\t\t\t\t\t\t\t\t\t\t\t\t\t\t<\/div>\n\t\t<\/div>\n\n\t<\/div>\n\n<\/div><div class=\"modula-item effect-pufrobo\" >\n\t<div class=\"modula-item-overlay\"><\/div>\n\n\t<div class=\"modula-item-content\">\n\n\t\t\t\t\n\t\t\t\t\t<a data-image-id=\"1525\" href=\"https:\/\/mosna-capaclia-heritage.eu\/wp-content\/uploads\/2021\/09\/DSC_0296-4.jpg\" rel=\"jtg-1778\" data-caption=\"\" class=\"tile-inner modula-item-link\"><\/a>\n\t\t\n\t\t<img class=\"pic\"  data-valign=\"middle\" data-halign=\"center\" alt=\"\" data-full=\"http:\/\/mosna-capaclia-heritage.eu\/wp-content\/uploads\/2021\/09\/DSC_0296-4.jpg\" title=\"DSC_0296\" width=\"200\" height=\"300\" src=\"https:\/\/mosna-capaclia-heritage.eu\/wp-content\/uploads\/2021\/09\/DSC_0296-4-200x300.jpg\" data-src=\"https:\/\/mosna-capaclia-heritage.eu\/wp-content\/uploads\/2021\/09\/DSC_0296-4-200x300.jpg\" data-caption=\"\"srcset=\"https:\/\/mosna-capaclia-heritage.eu\/wp-content\/uploads\/2021\/09\/DSC_0296-4-200x300.jpg 200w, https:\/\/mosna-capaclia-heritage.eu\/wp-content\/uploads\/2021\/09\/DSC_0296-4-125x187.jpg 125w, https:\/\/mosna-capaclia-heritage.eu\/wp-content\/uploads\/2021\/09\/DSC_0296-4.jpg 536w\" sizes=\"(max-width: 200px) 100vw, 200px\"\" \/>\n\t\t<div class=\"figc no-description\">\n\t\t\t<div class=\"figc-inner\">\n\t\t\t\t\t\t\t\t\t\t\t\t\t\t\t<\/div>\n\t\t<\/div>\n\n\t<\/div>\n\n<\/div><div class=\"modula-item effect-pufrobo\" >\n\t<div class=\"modula-item-overlay\"><\/div>\n\n\t<div class=\"modula-item-content\">\n\n\t\t\t\t\n\t\t\t\t\t<a data-image-id=\"1524\" href=\"https:\/\/mosna-capaclia-heritage.eu\/wp-content\/uploads\/2021\/09\/DSC_0295-4.jpg\" rel=\"jtg-1778\" data-caption=\"\" class=\"tile-inner modula-item-link\"><\/a>\n\t\t\n\t\t<img class=\"pic\"  data-valign=\"middle\" data-halign=\"center\" alt=\"\" data-full=\"http:\/\/mosna-capaclia-heritage.eu\/wp-content\/uploads\/2021\/09\/DSC_0295-4.jpg\" title=\"DSC_0295\" width=\"300\" height=\"200\" src=\"https:\/\/mosna-capaclia-heritage.eu\/wp-content\/uploads\/2021\/09\/DSC_0295-4-300x200.jpg\" data-src=\"https:\/\/mosna-capaclia-heritage.eu\/wp-content\/uploads\/2021\/09\/DSC_0295-4-300x200.jpg\" data-caption=\"\"srcset=\"https:\/\/mosna-capaclia-heritage.eu\/wp-content\/uploads\/2021\/09\/DSC_0295-4-300x200.jpg 300w, https:\/\/mosna-capaclia-heritage.eu\/wp-content\/uploads\/2021\/09\/DSC_0295-4-280x187.jpg 280w, https:\/\/mosna-capaclia-heritage.eu\/wp-content\/uploads\/2021\/09\/DSC_0295-4.jpg 769w\" sizes=\"(max-width: 300px) 100vw, 300px\"\" \/>\n\t\t<div class=\"figc no-description\">\n\t\t\t<div class=\"figc-inner\">\n\t\t\t\t\t\t\t\t\t\t\t\t\t\t\t<\/div>\n\t\t<\/div>\n\n\t<\/div>\n\n<\/div><div class=\"modula-item effect-pufrobo\" >\n\t<div class=\"modula-item-overlay\"><\/div>\n\n\t<div class=\"modula-item-content\">\n\n\t\t\t\t\n\t\t\t\t\t<a data-image-id=\"1523\" href=\"https:\/\/mosna-capaclia-heritage.eu\/wp-content\/uploads\/2021\/09\/DSC_0294-4.jpg\" rel=\"jtg-1778\" data-caption=\"\" class=\"tile-inner modula-item-link\"><\/a>\n\t\t\n\t\t<img class=\"pic\"  data-valign=\"middle\" data-halign=\"center\" alt=\"\" data-full=\"http:\/\/mosna-capaclia-heritage.eu\/wp-content\/uploads\/2021\/09\/DSC_0294-4.jpg\" title=\"DSC_0294\" width=\"300\" height=\"200\" src=\"https:\/\/mosna-capaclia-heritage.eu\/wp-content\/uploads\/2021\/09\/DSC_0294-4-300x200.jpg\" data-src=\"https:\/\/mosna-capaclia-heritage.eu\/wp-content\/uploads\/2021\/09\/DSC_0294-4-300x200.jpg\" data-caption=\"\"srcset=\"https:\/\/mosna-capaclia-heritage.eu\/wp-content\/uploads\/2021\/09\/DSC_0294-4-300x200.jpg 300w, https:\/\/mosna-capaclia-heritage.eu\/wp-content\/uploads\/2021\/09\/DSC_0294-4-280x187.jpg 280w, https:\/\/mosna-capaclia-heritage.eu\/wp-content\/uploads\/2021\/09\/DSC_0294-4.jpg 748w\" sizes=\"(max-width: 300px) 100vw, 300px\"\" \/>\n\t\t<div class=\"figc no-description\">\n\t\t\t<div class=\"figc-inner\">\n\t\t\t\t\t\t\t\t\t\t\t\t\t\t\t<\/div>\n\t\t<\/div>\n\n\t<\/div>\n\n<\/div><div class=\"modula-item effect-pufrobo\" >\n\t<div class=\"modula-item-overlay\"><\/div>\n\n\t<div class=\"modula-item-content\">\n\n\t\t\t\t\n\t\t\t\t\t<a data-image-id=\"1522\" href=\"https:\/\/mosna-capaclia-heritage.eu\/wp-content\/uploads\/2021\/09\/DSC_0293-4.jpg\" rel=\"jtg-1778\" data-caption=\"\" class=\"tile-inner modula-item-link\"><\/a>\n\t\t\n\t\t<img class=\"pic\"  data-valign=\"middle\" data-halign=\"center\" alt=\"\" data-full=\"http:\/\/mosna-capaclia-heritage.eu\/wp-content\/uploads\/2021\/09\/DSC_0293-4.jpg\" title=\"DSC_0293\" width=\"201\" height=\"300\" src=\"https:\/\/mosna-capaclia-heritage.eu\/wp-content\/uploads\/2021\/09\/DSC_0293-4-201x300.jpg\" data-src=\"https:\/\/mosna-capaclia-heritage.eu\/wp-content\/uploads\/2021\/09\/DSC_0293-4-201x300.jpg\" data-caption=\"\"srcset=\"https:\/\/mosna-capaclia-heritage.eu\/wp-content\/uploads\/2021\/09\/DSC_0293-4-201x300.jpg 201w, https:\/\/mosna-capaclia-heritage.eu\/wp-content\/uploads\/2021\/09\/DSC_0293-4-125x187.jpg 125w, https:\/\/mosna-capaclia-heritage.eu\/wp-content\/uploads\/2021\/09\/DSC_0293-4.jpg 508w\" sizes=\"(max-width: 201px) 100vw, 201px\"\" \/>\n\t\t<div class=\"figc no-description\">\n\t\t\t<div class=\"figc-inner\">\n\t\t\t\t\t\t\t\t\t\t\t\t\t\t\t<\/div>\n\t\t<\/div>\n\n\t<\/div>\n\n<\/div><div class=\"modula-item effect-pufrobo\" >\n\t<div class=\"modula-item-overlay\"><\/div>\n\n\t<div class=\"modula-item-content\">\n\n\t\t\t\t\n\t\t\t\t\t<a data-image-id=\"1521\" href=\"https:\/\/mosna-capaclia-heritage.eu\/wp-content\/uploads\/2021\/09\/DSC_0292-4.jpg\" rel=\"jtg-1778\" data-caption=\"\" class=\"tile-inner modula-item-link\"><\/a>\n\t\t\n\t\t<img class=\"pic\"  data-valign=\"middle\" data-halign=\"center\" alt=\"\" data-full=\"http:\/\/mosna-capaclia-heritage.eu\/wp-content\/uploads\/2021\/09\/DSC_0292-4.jpg\" title=\"DSC_0292\" width=\"200\" height=\"300\" src=\"https:\/\/mosna-capaclia-heritage.eu\/wp-content\/uploads\/2021\/09\/DSC_0292-4-200x300.jpg\" data-src=\"https:\/\/mosna-capaclia-heritage.eu\/wp-content\/uploads\/2021\/09\/DSC_0292-4-200x300.jpg\" data-caption=\"\"srcset=\"https:\/\/mosna-capaclia-heritage.eu\/wp-content\/uploads\/2021\/09\/DSC_0292-4-200x300.jpg 200w, https:\/\/mosna-capaclia-heritage.eu\/wp-content\/uploads\/2021\/09\/DSC_0292-4-125x187.jpg 125w, https:\/\/mosna-capaclia-heritage.eu\/wp-content\/uploads\/2021\/09\/DSC_0292-4.jpg 557w\" sizes=\"(max-width: 200px) 100vw, 200px\"\" \/>\n\t\t<div class=\"figc no-description\">\n\t\t\t<div class=\"figc-inner\">\n\t\t\t\t\t\t\t\t\t\t\t\t\t\t\t<\/div>\n\t\t<\/div>\n\n\t<\/div>\n\n<\/div><div class=\"modula-item effect-pufrobo\" >\n\t<div class=\"modula-item-overlay\"><\/div>\n\n\t<div class=\"modula-item-content\">\n\n\t\t\t\t\n\t\t\t\t\t<a data-image-id=\"1520\" href=\"https:\/\/mosna-capaclia-heritage.eu\/wp-content\/uploads\/2021\/09\/DSC_0291-4.jpg\" rel=\"jtg-1778\" data-caption=\"\" class=\"tile-inner modula-item-link\"><\/a>\n\t\t\n\t\t<img class=\"pic\"  data-valign=\"middle\" data-halign=\"center\" alt=\"\" data-full=\"http:\/\/mosna-capaclia-heritage.eu\/wp-content\/uploads\/2021\/09\/DSC_0291-4.jpg\" title=\"DSC_0291\" width=\"300\" height=\"200\" src=\"https:\/\/mosna-capaclia-heritage.eu\/wp-content\/uploads\/2021\/09\/DSC_0291-4-300x200.jpg\" data-src=\"https:\/\/mosna-capaclia-heritage.eu\/wp-content\/uploads\/2021\/09\/DSC_0291-4-300x200.jpg\" data-caption=\"\"srcset=\"https:\/\/mosna-capaclia-heritage.eu\/wp-content\/uploads\/2021\/09\/DSC_0291-4-300x200.jpg 300w, https:\/\/mosna-capaclia-heritage.eu\/wp-content\/uploads\/2021\/09\/DSC_0291-4-768x513.jpg 768w, https:\/\/mosna-capaclia-heritage.eu\/wp-content\/uploads\/2021\/09\/DSC_0291-4-280x187.jpg 280w, https:\/\/mosna-capaclia-heritage.eu\/wp-content\/uploads\/2021\/09\/DSC_0291-4.jpg 771w\" sizes=\"(max-width: 300px) 100vw, 300px\"\" \/>\n\t\t<div class=\"figc no-description\">\n\t\t\t<div class=\"figc-inner\">\n\t\t\t\t\t\t\t\t\t\t\t\t\t\t\t<\/div>\n\t\t<\/div>\n\n\t<\/div>\n\n<\/div><div class=\"modula-item effect-pufrobo\" >\n\t<div class=\"modula-item-overlay\"><\/div>\n\n\t<div class=\"modula-item-content\">\n\n\t\t\t\t\n\t\t\t\t\t<a data-image-id=\"1519\" href=\"https:\/\/mosna-capaclia-heritage.eu\/wp-content\/uploads\/2021\/09\/DSC_0290-3.jpg\" rel=\"jtg-1778\" data-caption=\"\" class=\"tile-inner modula-item-link\"><\/a>\n\t\t\n\t\t<img class=\"pic\"  data-valign=\"middle\" data-halign=\"center\" alt=\"\" data-full=\"http:\/\/mosna-capaclia-heritage.eu\/wp-content\/uploads\/2021\/09\/DSC_0290-3.jpg\" title=\"DSC_0290\" width=\"200\" height=\"300\" src=\"https:\/\/mosna-capaclia-heritage.eu\/wp-content\/uploads\/2021\/09\/DSC_0290-3-200x300.jpg\" data-src=\"https:\/\/mosna-capaclia-heritage.eu\/wp-content\/uploads\/2021\/09\/DSC_0290-3-200x300.jpg\" data-caption=\"\"srcset=\"https:\/\/mosna-capaclia-heritage.eu\/wp-content\/uploads\/2021\/09\/DSC_0290-3-200x300.jpg 200w, https:\/\/mosna-capaclia-heritage.eu\/wp-content\/uploads\/2021\/09\/DSC_0290-3-125x187.jpg 125w, https:\/\/mosna-capaclia-heritage.eu\/wp-content\/uploads\/2021\/09\/DSC_0290-3.jpg 573w\" sizes=\"(max-width: 200px) 100vw, 200px\"\" \/>\n\t\t<div class=\"figc no-description\">\n\t\t\t<div class=\"figc-inner\">\n\t\t\t\t\t\t\t\t\t\t\t\t\t\t\t<\/div>\n\t\t<\/div>\n\n\t<\/div>\n\n<\/div><div class=\"modula-item effect-pufrobo\" >\n\t<div class=\"modula-item-overlay\"><\/div>\n\n\t<div class=\"modula-item-content\">\n\n\t\t\t\t\n\t\t\t\t\t<a data-image-id=\"1518\" href=\"https:\/\/mosna-capaclia-heritage.eu\/wp-content\/uploads\/2021\/09\/DSC_0289-4.jpg\" rel=\"jtg-1778\" data-caption=\"\" class=\"tile-inner modula-item-link\"><\/a>\n\t\t\n\t\t<img class=\"pic\"  data-valign=\"middle\" data-halign=\"center\" alt=\"\" data-full=\"http:\/\/mosna-capaclia-heritage.eu\/wp-content\/uploads\/2021\/09\/DSC_0289-4.jpg\" title=\"DSC_0289\" width=\"201\" height=\"300\" src=\"https:\/\/mosna-capaclia-heritage.eu\/wp-content\/uploads\/2021\/09\/DSC_0289-4-201x300.jpg\" data-src=\"https:\/\/mosna-capaclia-heritage.eu\/wp-content\/uploads\/2021\/09\/DSC_0289-4-201x300.jpg\" data-caption=\"\"srcset=\"https:\/\/mosna-capaclia-heritage.eu\/wp-content\/uploads\/2021\/09\/DSC_0289-4-201x300.jpg 201w, https:\/\/mosna-capaclia-heritage.eu\/wp-content\/uploads\/2021\/09\/DSC_0289-4-125x187.jpg 125w, https:\/\/mosna-capaclia-heritage.eu\/wp-content\/uploads\/2021\/09\/DSC_0289-4.jpg 550w\" sizes=\"(max-width: 201px) 100vw, 201px\"\" \/>\n\t\t<div class=\"figc no-description\">\n\t\t\t<div class=\"figc-inner\">\n\t\t\t\t\t\t\t\t\t\t\t\t\t\t\t<\/div>\n\t\t<\/div>\n\n\t<\/div>\n\n<\/div><div class=\"modula-item effect-pufrobo\" >\n\t<div class=\"modula-item-overlay\"><\/div>\n\n\t<div class=\"modula-item-content\">\n\n\t\t\t\t\n\t\t\t\t\t<a data-image-id=\"1509\" href=\"https:\/\/mosna-capaclia-heritage.eu\/wp-content\/uploads\/2021\/09\/DSC_0280-4.jpg\" rel=\"jtg-1778\" data-caption=\"\" class=\"tile-inner modula-item-link\"><\/a>\n\t\t\n\t\t<img class=\"pic\"  data-valign=\"middle\" data-halign=\"center\" alt=\"\" data-full=\"http:\/\/mosna-capaclia-heritage.eu\/wp-content\/uploads\/2021\/09\/DSC_0280-4.jpg\" title=\"DSC_0280\" width=\"300\" height=\"200\" src=\"https:\/\/mosna-capaclia-heritage.eu\/wp-content\/uploads\/2021\/09\/DSC_0280-4-300x200.jpg\" data-src=\"https:\/\/mosna-capaclia-heritage.eu\/wp-content\/uploads\/2021\/09\/DSC_0280-4-300x200.jpg\" data-caption=\"\"srcset=\"https:\/\/mosna-capaclia-heritage.eu\/wp-content\/uploads\/2021\/09\/DSC_0280-4-300x200.jpg 300w, https:\/\/mosna-capaclia-heritage.eu\/wp-content\/uploads\/2021\/09\/DSC_0280-4-768x512.jpg 768w, https:\/\/mosna-capaclia-heritage.eu\/wp-content\/uploads\/2021\/09\/DSC_0280-4-280x187.jpg 280w, https:\/\/mosna-capaclia-heritage.eu\/wp-content\/uploads\/2021\/09\/DSC_0280-4.jpg 823w\" sizes=\"(max-width: 300px) 100vw, 300px\"\" \/>\n\t\t<div class=\"figc no-description\">\n\t\t\t<div class=\"figc-inner\">\n\t\t\t\t\t\t\t\t\t\t\t\t\t\t\t<\/div>\n\t\t<\/div>\n\n\t<\/div>\n\n<\/div><div class=\"modula-item effect-pufrobo\" >\n\t<div class=\"modula-item-overlay\"><\/div>\n\n\t<div class=\"modula-item-content\">\n\n\t\t\t\t\n\t\t\t\t\t<a data-image-id=\"1508\" href=\"https:\/\/mosna-capaclia-heritage.eu\/wp-content\/uploads\/2021\/09\/DSC_0279-4.jpg\" rel=\"jtg-1778\" data-caption=\"\" class=\"tile-inner modula-item-link\"><\/a>\n\t\t\n\t\t<img class=\"pic\"  data-valign=\"middle\" data-halign=\"center\" alt=\"\" data-full=\"http:\/\/mosna-capaclia-heritage.eu\/wp-content\/uploads\/2021\/09\/DSC_0279-4.jpg\" title=\"DSC_0279\" width=\"300\" height=\"200\" src=\"https:\/\/mosna-capaclia-heritage.eu\/wp-content\/uploads\/2021\/09\/DSC_0279-4-300x200.jpg\" data-src=\"https:\/\/mosna-capaclia-heritage.eu\/wp-content\/uploads\/2021\/09\/DSC_0279-4-300x200.jpg\" data-caption=\"\"srcset=\"https:\/\/mosna-capaclia-heritage.eu\/wp-content\/uploads\/2021\/09\/DSC_0279-4-300x200.jpg 300w, https:\/\/mosna-capaclia-heritage.eu\/wp-content\/uploads\/2021\/09\/DSC_0279-4-768x513.jpg 768w, https:\/\/mosna-capaclia-heritage.eu\/wp-content\/uploads\/2021\/09\/DSC_0279-4-280x187.jpg 280w, https:\/\/mosna-capaclia-heritage.eu\/wp-content\/uploads\/2021\/09\/DSC_0279-4.jpg 821w\" sizes=\"(max-width: 300px) 100vw, 300px\"\" \/>\n\t\t<div class=\"figc no-description\">\n\t\t\t<div class=\"figc-inner\">\n\t\t\t\t\t\t\t\t\t\t\t\t\t\t\t<\/div>\n\t\t<\/div>\n\n\t<\/div>\n\n<\/div><div class=\"modula-item effect-pufrobo\" >\n\t<div class=\"modula-item-overlay\"><\/div>\n\n\t<div class=\"modula-item-content\">\n\n\t\t\t\t\n\t\t\t\t\t<a data-image-id=\"1504\" href=\"https:\/\/mosna-capaclia-heritage.eu\/wp-content\/uploads\/2021\/09\/DSC_0275-4.jpg\" rel=\"jtg-1778\" data-caption=\"\" class=\"tile-inner modula-item-link\"><\/a>\n\t\t\n\t\t<img class=\"pic\"  data-valign=\"middle\" data-halign=\"center\" alt=\"\" data-full=\"http:\/\/mosna-capaclia-heritage.eu\/wp-content\/uploads\/2021\/09\/DSC_0275-4.jpg\" title=\"DSC_0275\" width=\"300\" height=\"200\" src=\"https:\/\/mosna-capaclia-heritage.eu\/wp-content\/uploads\/2021\/09\/DSC_0275-4-300x200.jpg\" data-src=\"https:\/\/mosna-capaclia-heritage.eu\/wp-content\/uploads\/2021\/09\/DSC_0275-4-300x200.jpg\" data-caption=\"\"srcset=\"https:\/\/mosna-capaclia-heritage.eu\/wp-content\/uploads\/2021\/09\/DSC_0275-4-300x200.jpg 300w, https:\/\/mosna-capaclia-heritage.eu\/wp-content\/uploads\/2021\/09\/DSC_0275-4-768x513.jpg 768w, https:\/\/mosna-capaclia-heritage.eu\/wp-content\/uploads\/2021\/09\/DSC_0275-4-280x187.jpg 280w, https:\/\/mosna-capaclia-heritage.eu\/wp-content\/uploads\/2021\/09\/DSC_0275-4.jpg 774w\" sizes=\"(max-width: 300px) 100vw, 300px\"\" \/>\n\t\t<div class=\"figc no-description\">\n\t\t\t<div class=\"figc-inner\">\n\t\t\t\t\t\t\t\t\t\t\t\t\t\t\t<\/div>\n\t\t<\/div>\n\n\t<\/div>\n\n<\/div><div class=\"modula-item effect-pufrobo\" >\n\t<div class=\"modula-item-overlay\"><\/div>\n\n\t<div class=\"modula-item-content\">\n\n\t\t\t\t\n\t\t\t\t\t<a data-image-id=\"1503\" href=\"https:\/\/mosna-capaclia-heritage.eu\/wp-content\/uploads\/2021\/09\/DSC_0274-4.jpg\" rel=\"jtg-1778\" data-caption=\"\" class=\"tile-inner modula-item-link\"><\/a>\n\t\t\n\t\t<img class=\"pic\"  data-valign=\"middle\" data-halign=\"center\" alt=\"\" data-full=\"http:\/\/mosna-capaclia-heritage.eu\/wp-content\/uploads\/2021\/09\/DSC_0274-4.jpg\" title=\"DSC_0274\" width=\"300\" height=\"200\" src=\"https:\/\/mosna-capaclia-heritage.eu\/wp-content\/uploads\/2021\/09\/DSC_0274-4-300x200.jpg\" data-src=\"https:\/\/mosna-capaclia-heritage.eu\/wp-content\/uploads\/2021\/09\/DSC_0274-4-300x200.jpg\" data-caption=\"\"srcset=\"https:\/\/mosna-capaclia-heritage.eu\/wp-content\/uploads\/2021\/09\/DSC_0274-4-300x200.jpg 300w, https:\/\/mosna-capaclia-heritage.eu\/wp-content\/uploads\/2021\/09\/DSC_0274-4-280x187.jpg 280w, https:\/\/mosna-capaclia-heritage.eu\/wp-content\/uploads\/2021\/09\/DSC_0274-4.jpg 769w\" sizes=\"(max-width: 300px) 100vw, 300px\"\" \/>\n\t\t<div class=\"figc no-description\">\n\t\t\t<div class=\"figc-inner\">\n\t\t\t\t\t\t\t\t\t\t\t\t\t\t\t<\/div>\n\t\t<\/div>\n\n\t<\/div>\n\n<\/div>\t\t\n\t<\/div>\n\n\t\n\t\n\t<script type=\"application\/ld+json\">\n\t{\n\t\t\"@context\": \"http:\/\/schema.org\",\n\t\t\"@type\"   : \"ImageGallery\",\n\t\t\"id\"      : \"https:\/\/mosna-capaclia-heritage.eu\/en\/wp-json\/wp\/v2\/pages\/50\",\n\t\t\"url\"     : \"https:\/\/mosna-capaclia-heritage.eu\/en\/wp-json\/wp\/v2\/pages\/50\"\n\t}\n\n    <\/script>\n\n\t\n<\/div>\n\n\n<blockquote class=\"wp-block-quote is-style-default\"><p><\/p><\/blockquote>\n\n\n\n<blockquote class=\"wp-block-quote is-style-default\"><p><\/p><\/blockquote>\n\n\n\n<p><\/p>\n\n\n\n<p><\/p>\n\n\n\n<blockquote class=\"wp-block-quote is-style-large\"><p>Moment din via\u021ba satului &#8211; <strong>la nunt\u0103<\/strong> &#8211; \u00een perioada interbelic\u0103<\/p><\/blockquote>\n\n\n\n<figure class=\"wp-block-image size-large\"><img loading=\"lazy\" width=\"1024\" height=\"666\" src=\"http:\/\/mosna-capaclia-heritage.eu\/wp-content\/uploads\/2021\/07\/poze014-2-1024x666.jpg\" alt=\"\" class=\"wp-image-1146\" srcset=\"https:\/\/mosna-capaclia-heritage.eu\/wp-content\/uploads\/2021\/07\/poze014-2-1024x666.jpg 1024w, https:\/\/mosna-capaclia-heritage.eu\/wp-content\/uploads\/2021\/07\/poze014-2-300x195.jpg 300w, https:\/\/mosna-capaclia-heritage.eu\/wp-content\/uploads\/2021\/07\/poze014-2-768x499.jpg 768w, https:\/\/mosna-capaclia-heritage.eu\/wp-content\/uploads\/2021\/07\/poze014-2-1536x998.jpg 1536w, https:\/\/mosna-capaclia-heritage.eu\/wp-content\/uploads\/2021\/07\/poze014-2-280x182.jpg 280w, https:\/\/mosna-capaclia-heritage.eu\/wp-content\/uploads\/2021\/07\/poze014-2-1170x761.jpg 1170w, https:\/\/mosna-capaclia-heritage.eu\/wp-content\/uploads\/2021\/07\/poze014-2.jpg 1680w\" sizes=\"(max-width: 1024px) 100vw, 1024px\" \/><\/figure>\n\n\n<style>#jtg-1302 .modula-item .jtg-social a, .lightbox-socials.jtg-social a{ color: #ffffff }#jtg-1302 .modula-item .jtg-social svg, .lightbox-socials.jtg-social svg { height: 16px; width: 16px }#jtg-1302 .modula-item .jtg-social a:not(:last-child), .lightbox-socials.jtg-social a:not(:last-child) { margin-right: 10px }#jtg-1302 .modula-item .figc {color:#ffffff;}#jtg-1302 .modula-item .modula-item-content { transform: scale(1) }#jtg-1302 { width:100%;}#jtg-1302 .modula-items{height:800px;}#jtg-1302 .modula-items .figc p.description { font-size:14px; }#jtg-1302 .modula-items .figc p.description { color:#ffffff;}#jtg-1302.modula-gallery .modula-item > a, #jtg-1302.modula-gallery .modula-item, #jtg-1302.modula-gallery .modula-item-content > a { cursor:zoom-in; } @media screen and (max-width:480px){#jtg-1302 .modula-item .figc .jtg-title {  font-size: 12px; }#jtg-1302 .modula-items .figc p.description { color:#ffffff;font-size:10px; }}<\/style>\n<!-- Gallery Container -->\n<div  id=\"jtg-1302\" class=\"modula modula-gallery modula-creative-gallery\" data-config=\"{&quot;height&quot;:800,&quot;enableTwitter&quot;:false,&quot;enableWhatsapp&quot;:false,&quot;enableFacebook&quot;:false,&quot;enablePinterest&quot;:false,&quot;enableLinkedin&quot;:false,&quot;enableEmail&quot;:false,&quot;randomFactor&quot;:0.5,&quot;type&quot;:&quot;creative-gallery&quot;,&quot;columns&quot;:12,&quot;gutter&quot;:10,&quot;mobileGutter&quot;:10,&quot;tabletGutter&quot;:10,&quot;desktopGutter&quot;:10,&quot;enableResponsive&quot;:&quot;0&quot;,&quot;tabletColumns&quot;:&quot;2&quot;,&quot;mobileColumns&quot;:&quot;1&quot;,&quot;lazyLoad&quot;:&quot;0&quot;,&quot;lightboxOpts&quot;:{&quot;loop&quot;:false,&quot;arrows&quot;:true,&quot;toolbar&quot;:true,&quot;keyboard&quot;:false,&quot;wheel&quot;:false,&quot;buttons&quot;:[&quot;close&quot;],&quot;hash&quot;:false,&quot;lang&quot;:&quot;en&quot;,&quot;touch&quot;:false,&quot;protect&quot;:false,&quot;i18n&quot;:{&quot;en&quot;:{&quot;CLOSE&quot;:&quot;Close&quot;,&quot;NEXT&quot;:&quot;Next&quot;,&quot;PREV&quot;:&quot;Previous&quot;,&quot;Error&quot;:&quot;The requested content cannot be loaded. Please try again later.&quot;,&quot;PLAY_START&quot;:&quot;Start slideshow&quot;,&quot;PLAY_STOP&quot;:&quot;Pause slideshow&quot;,&quot;FULL_SCREEN&quot;:&quot;Full screen&quot;,&quot;THUMBS&quot;:&quot;Thumbnails&quot;,&quot;DOWNLOAD&quot;:&quot;Download&quot;,&quot;SHARE&quot;:&quot;Share&quot;,&quot;ZOOM&quot;:&quot;Zoom&quot;}},&quot;clickSlide&quot;:false,&quot;clickOutside&quot;:false,&quot;dblclickContent&quot;:false,&quot;dblclickSlide&quot;:false,&quot;dblclickOutside&quot;:false,&quot;clickContent&quot;:false,&quot;baseTpl&quot;:&quot;&lt;div class=\\&quot;modula-fancybox-container modula-lightbox-jtg-1302\\&quot; role=\\&quot;dialog\\&quot; tabindex=\\&quot;-1\\&quot;&gt;&lt;div class=\\&quot;modula-fancybox-bg\\&quot;&gt;&lt;\\\/div&gt;&lt;div class=\\&quot;modula-fancybox-inner\\&quot;&gt;&lt;div class=\\&quot;modula-fancybox-infobar\\&quot;&gt;&lt;span data-fancybox-index&gt;&lt;\\\/span&gt;&nbsp;\\\/&nbsp;&lt;span data-fancybox-count&gt;&lt;\\\/span&gt;&lt;\\\/div&gt;&lt;div class=\\&quot;modula-fancybox-toolbar\\&quot;&gt;{{buttons}}&lt;\\\/div&gt;&lt;div class=\\&quot;modula-fancybox-navigation\\&quot;&gt;{{arrows}}&lt;\\\/div&gt;&lt;div class=\\&quot;modula-fancybox-stage\\&quot;&gt;&lt;\\\/div&gt;&lt;div class=\\&quot;modula-fancybox-caption\\&quot;&gt;&lt;div class=\\&quot;modula-fancybox-caption__body\\&quot;&gt;&lt;\\\/div&gt;&lt;\\\/div&gt;&lt;\\\/div&gt;&lt;\\\/div&gt;&quot;},&quot;inView&quot;:false,&quot;email_subject&quot;:&quot;Check out this awesome image !!&quot;,&quot;email_message&quot;:&quot;Here is the link to the image : %%image_link%% and this is the link to the gallery : %%gallery_link%%&quot;,&quot;lightbox&quot;:&quot;fancybox&quot;}\">\n\n\t\n\t<!-- Items Container -->\n\t<div  class=\"modula-items\">\n\t\t<div class=\"modula-item effect-pufrobo\" >\n\t<div class=\"modula-item-overlay\"><\/div>\n\n\t<div class=\"modula-item-content\">\n\n\t\t\t\t\n\t\t\t\t\t<a data-image-id=\"1305\" href=\"https:\/\/mosna-capaclia-heritage.eu\/wp-content\/uploads\/2021\/07\/Neculai-Ignat-Mosna-advntist-1939-1940-1-scaled.jpg\" rel=\"jtg-1302\" data-caption=\"\" class=\"tile-inner modula-item-link\"><\/a>\n\t\t\n\t\t<img class=\"pic\"  data-valign=\"middle\" data-halign=\"center\" alt=\"\" data-full=\"http:\/\/mosna-capaclia-heritage.eu\/wp-content\/uploads\/2021\/07\/Neculai-Ignat-Mosna-advntist-1939-1940-1.jpg\" title=\"Neculai Ignat - Mosna - poza facuta in 1939\/1940\" width=\"169\" height=\"300\" src=\"https:\/\/mosna-capaclia-heritage.eu\/wp-content\/uploads\/2021\/07\/Neculai-Ignat-Mosna-advntist-1939-1940-1-169x300.jpg\" data-src=\"https:\/\/mosna-capaclia-heritage.eu\/wp-content\/uploads\/2021\/07\/Neculai-Ignat-Mosna-advntist-1939-1940-1-169x300.jpg\" data-caption=\"\"srcset=\"https:\/\/mosna-capaclia-heritage.eu\/wp-content\/uploads\/2021\/07\/Neculai-Ignat-Mosna-advntist-1939-1940-1-169x300.jpg 169w, https:\/\/mosna-capaclia-heritage.eu\/wp-content\/uploads\/2021\/07\/Neculai-Ignat-Mosna-advntist-1939-1940-1-576x1024.jpg 576w, https:\/\/mosna-capaclia-heritage.eu\/wp-content\/uploads\/2021\/07\/Neculai-Ignat-Mosna-advntist-1939-1940-1-768x1365.jpg 768w, https:\/\/mosna-capaclia-heritage.eu\/wp-content\/uploads\/2021\/07\/Neculai-Ignat-Mosna-advntist-1939-1940-1-864x1536.jpg 864w, https:\/\/mosna-capaclia-heritage.eu\/wp-content\/uploads\/2021\/07\/Neculai-Ignat-Mosna-advntist-1939-1940-1-1152x2048.jpg 1152w, https:\/\/mosna-capaclia-heritage.eu\/wp-content\/uploads\/2021\/07\/Neculai-Ignat-Mosna-advntist-1939-1940-1-105x187.jpg 105w, https:\/\/mosna-capaclia-heritage.eu\/wp-content\/uploads\/2021\/07\/Neculai-Ignat-Mosna-advntist-1939-1940-1-1170x2080.jpg 1170w, https:\/\/mosna-capaclia-heritage.eu\/wp-content\/uploads\/2021\/07\/Neculai-Ignat-Mosna-advntist-1939-1940-1-scaled.jpg 1440w\" sizes=\"(max-width: 169px) 100vw, 169px\"\" \/>\n\t\t<div class=\"figc no-description\">\n\t\t\t<div class=\"figc-inner\">\n\t\t\t\t\t\t\t\t\t\t\t\t\t\t\t<\/div>\n\t\t<\/div>\n\n\t<\/div>\n\n<\/div>\t\t\n\t<\/div>\n\n\t\n\t\n\t<script type=\"application\/ld+json\">\n\t{\n\t\t\"@context\": \"http:\/\/schema.org\",\n\t\t\"@type\"   : \"ImageGallery\",\n\t\t\"id\"      : \"https:\/\/mosna-capaclia-heritage.eu\/en\/wp-json\/wp\/v2\/pages\/50\",\n\t\t\"url\"     : \"https:\/\/mosna-capaclia-heritage.eu\/en\/wp-json\/wp\/v2\/pages\/50\"\n\t}\n\n    <\/script>\n\n\t\n<\/div>\n\n\n<blockquote class=\"wp-block-quote is-style-default\"><p><\/p><\/blockquote>\n\n\n\n<p><\/p>\n\n\n\n<blockquote class=\"wp-block-quote is-style-large\"><p>Momente din via\u021ba satului &#8211; <strong>la nunt\u0103<\/strong> &#8211; \u00een perioada postbelic\u0103<\/p><p>(Poze p\u0103strate, puse la dispozi\u021bie \u0219i \u00eencredintate spre p\u0103strare, \u00een continuare, de dl. Ion B\u00eersan (Ar\u0219ire) )<\/p><\/blockquote>\n\n\n\n<figure class=\"wp-block-image size-large\"><img loading=\"lazy\" width=\"1024\" height=\"671\" src=\"http:\/\/mosna-capaclia-heritage.eu\/wp-content\/uploads\/2021\/07\/alte-poze-2-1024x671.jpg\" alt=\"\" class=\"wp-image-1148\" srcset=\"https:\/\/mosna-capaclia-heritage.eu\/wp-content\/uploads\/2021\/07\/alte-poze-2-1024x671.jpg 1024w, https:\/\/mosna-capaclia-heritage.eu\/wp-content\/uploads\/2021\/07\/alte-poze-2-300x196.jpg 300w, https:\/\/mosna-capaclia-heritage.eu\/wp-content\/uploads\/2021\/07\/alte-poze-2-768x503.jpg 768w, https:\/\/mosna-capaclia-heritage.eu\/wp-content\/uploads\/2021\/07\/alte-poze-2-1536x1006.jpg 1536w, https:\/\/mosna-capaclia-heritage.eu\/wp-content\/uploads\/2021\/07\/alte-poze-2-280x183.jpg 280w, https:\/\/mosna-capaclia-heritage.eu\/wp-content\/uploads\/2021\/07\/alte-poze-2-1170x766.jpg 1170w, https:\/\/mosna-capaclia-heritage.eu\/wp-content\/uploads\/2021\/07\/alte-poze-2.jpg 1657w\" sizes=\"(max-width: 1024px) 100vw, 1024px\" \/><\/figure>\n\n\n\n<figure class=\"wp-block-image size-large\"><img loading=\"lazy\" width=\"1024\" height=\"669\" src=\"http:\/\/mosna-capaclia-heritage.eu\/wp-content\/uploads\/2021\/07\/alte-poze002-2-1024x669.jpg\" alt=\"\" class=\"wp-image-1150\" srcset=\"https:\/\/mosna-capaclia-heritage.eu\/wp-content\/uploads\/2021\/07\/alte-poze002-2-1024x669.jpg 1024w, https:\/\/mosna-capaclia-heritage.eu\/wp-content\/uploads\/2021\/07\/alte-poze002-2-300x196.jpg 300w, https:\/\/mosna-capaclia-heritage.eu\/wp-content\/uploads\/2021\/07\/alte-poze002-2-768x502.jpg 768w, https:\/\/mosna-capaclia-heritage.eu\/wp-content\/uploads\/2021\/07\/alte-poze002-2-1536x1004.jpg 1536w, https:\/\/mosna-capaclia-heritage.eu\/wp-content\/uploads\/2021\/07\/alte-poze002-2-280x183.jpg 280w, https:\/\/mosna-capaclia-heritage.eu\/wp-content\/uploads\/2021\/07\/alte-poze002-2-1170x765.jpg 1170w, https:\/\/mosna-capaclia-heritage.eu\/wp-content\/uploads\/2021\/07\/alte-poze002-2.jpg 1636w\" sizes=\"(max-width: 1024px) 100vw, 1024px\" \/><\/figure>\n\n\n\n<figure class=\"wp-block-image size-large\"><img loading=\"lazy\" width=\"1024\" height=\"623\" src=\"http:\/\/mosna-capaclia-heritage.eu\/wp-content\/uploads\/2021\/07\/alte-poze003-2-1024x623.jpg\" alt=\"\" class=\"wp-image-1151\" srcset=\"https:\/\/mosna-capaclia-heritage.eu\/wp-content\/uploads\/2021\/07\/alte-poze003-2-1024x623.jpg 1024w, https:\/\/mosna-capaclia-heritage.eu\/wp-content\/uploads\/2021\/07\/alte-poze003-2-300x182.jpg 300w, https:\/\/mosna-capaclia-heritage.eu\/wp-content\/uploads\/2021\/07\/alte-poze003-2-768x467.jpg 768w, https:\/\/mosna-capaclia-heritage.eu\/wp-content\/uploads\/2021\/07\/alte-poze003-2-1536x934.jpg 1536w, https:\/\/mosna-capaclia-heritage.eu\/wp-content\/uploads\/2021\/07\/alte-poze003-2-280x170.jpg 280w, https:\/\/mosna-capaclia-heritage.eu\/wp-content\/uploads\/2021\/07\/alte-poze003-2-1170x712.jpg 1170w, https:\/\/mosna-capaclia-heritage.eu\/wp-content\/uploads\/2021\/07\/alte-poze003-2.jpg 1631w\" sizes=\"(max-width: 1024px) 100vw, 1024px\" \/><\/figure>\n\n\n\n<figure class=\"wp-block-image size-large\"><img loading=\"lazy\" width=\"1024\" height=\"683\" src=\"http:\/\/mosna-capaclia-heritage.eu\/wp-content\/uploads\/2021\/07\/alte-poze001-2-1024x683.jpg\" alt=\"\" class=\"wp-image-1149\" srcset=\"https:\/\/mosna-capaclia-heritage.eu\/wp-content\/uploads\/2021\/07\/alte-poze001-2-1024x683.jpg 1024w, https:\/\/mosna-capaclia-heritage.eu\/wp-content\/uploads\/2021\/07\/alte-poze001-2-300x200.jpg 300w, https:\/\/mosna-capaclia-heritage.eu\/wp-content\/uploads\/2021\/07\/alte-poze001-2-768x512.jpg 768w, https:\/\/mosna-capaclia-heritage.eu\/wp-content\/uploads\/2021\/07\/alte-poze001-2-1536x1025.jpg 1536w, https:\/\/mosna-capaclia-heritage.eu\/wp-content\/uploads\/2021\/07\/alte-poze001-2-280x187.jpg 280w, https:\/\/mosna-capaclia-heritage.eu\/wp-content\/uploads\/2021\/07\/alte-poze001-2-1170x781.jpg 1170w, https:\/\/mosna-capaclia-heritage.eu\/wp-content\/uploads\/2021\/07\/alte-poze001-2.jpg 1653w\" sizes=\"(max-width: 1024px) 100vw, 1024px\" \/><\/figure>\n\n\n\n<figure class=\"wp-block-image size-large\"><img loading=\"lazy\" width=\"1024\" height=\"619\" src=\"http:\/\/mosna-capaclia-heritage.eu\/wp-content\/uploads\/2021\/07\/poze015-2-1024x619.jpg\" alt=\"\" class=\"wp-image-1147\" srcset=\"https:\/\/mosna-capaclia-heritage.eu\/wp-content\/uploads\/2021\/07\/poze015-2-1024x619.jpg 1024w, https:\/\/mosna-capaclia-heritage.eu\/wp-content\/uploads\/2021\/07\/poze015-2-300x181.jpg 300w, https:\/\/mosna-capaclia-heritage.eu\/wp-content\/uploads\/2021\/07\/poze015-2-768x464.jpg 768w, https:\/\/mosna-capaclia-heritage.eu\/wp-content\/uploads\/2021\/07\/poze015-2-1536x928.jpg 1536w, https:\/\/mosna-capaclia-heritage.eu\/wp-content\/uploads\/2021\/07\/poze015-2-280x169.jpg 280w, https:\/\/mosna-capaclia-heritage.eu\/wp-content\/uploads\/2021\/07\/poze015-2-1170x707.jpg 1170w, https:\/\/mosna-capaclia-heritage.eu\/wp-content\/uploads\/2021\/07\/poze015-2.jpg 1603w\" sizes=\"(max-width: 1024px) 100vw, 1024px\" \/><\/figure>\n\n\n\n<figure class=\"wp-block-image size-large\"><img loading=\"lazy\" width=\"1024\" height=\"638\" src=\"http:\/\/mosna-capaclia-heritage.eu\/wp-content\/uploads\/2021\/07\/poza003-2-1-1024x638.jpg\" alt=\"\" class=\"wp-image-1134\" srcset=\"https:\/\/mosna-capaclia-heritage.eu\/wp-content\/uploads\/2021\/07\/poza003-2-1-1024x638.jpg 1024w, https:\/\/mosna-capaclia-heritage.eu\/wp-content\/uploads\/2021\/07\/poza003-2-1-300x187.jpg 300w, https:\/\/mosna-capaclia-heritage.eu\/wp-content\/uploads\/2021\/07\/poza003-2-1-768x478.jpg 768w, https:\/\/mosna-capaclia-heritage.eu\/wp-content\/uploads\/2021\/07\/poza003-2-1-1536x957.jpg 1536w, https:\/\/mosna-capaclia-heritage.eu\/wp-content\/uploads\/2021\/07\/poza003-2-1-280x174.jpg 280w, https:\/\/mosna-capaclia-heritage.eu\/wp-content\/uploads\/2021\/07\/poza003-2-1-1170x729.jpg 1170w, https:\/\/mosna-capaclia-heritage.eu\/wp-content\/uploads\/2021\/07\/poza003-2-1.jpg 1891w\" sizes=\"(max-width: 1024px) 100vw, 1024px\" \/><\/figure>\n\n\n\n<blockquote class=\"wp-block-quote is-style-default\"><p><\/p><\/blockquote>\n\n\n\n<p><\/p>\n\n\n\n<blockquote class=\"wp-block-quote is-style-large\"><p>Corul C\u0103minului Cultural &#8211; Mo\u0219na, particip\u00e2nd la diverse festivaluri \u0219i evenimente \u00een perioada postbelic\u0103, anii &#8217;70 &#8211; &#8217;80<\/p><\/blockquote>\n\n\n\n<figure class=\"wp-block-image size-large\"><img loading=\"lazy\" width=\"1024\" height=\"636\" src=\"http:\/\/mosna-capaclia-heritage.eu\/wp-content\/uploads\/2021\/07\/poza002-2-1-1024x636.jpg\" alt=\"\" class=\"wp-image-1133\" srcset=\"https:\/\/mosna-capaclia-heritage.eu\/wp-content\/uploads\/2021\/07\/poza002-2-1-1024x636.jpg 1024w, https:\/\/mosna-capaclia-heritage.eu\/wp-content\/uploads\/2021\/07\/poza002-2-1-300x186.jpg 300w, https:\/\/mosna-capaclia-heritage.eu\/wp-content\/uploads\/2021\/07\/poza002-2-1-768x477.jpg 768w, https:\/\/mosna-capaclia-heritage.eu\/wp-content\/uploads\/2021\/07\/poza002-2-1-1536x954.jpg 1536w, https:\/\/mosna-capaclia-heritage.eu\/wp-content\/uploads\/2021\/07\/poza002-2-1-2048x1272.jpg 2048w, https:\/\/mosna-capaclia-heritage.eu\/wp-content\/uploads\/2021\/07\/poza002-2-1-280x174.jpg 280w, https:\/\/mosna-capaclia-heritage.eu\/wp-content\/uploads\/2021\/07\/poza002-2-1-1170x727.jpg 1170w\" sizes=\"(max-width: 1024px) 100vw, 1024px\" \/><\/figure>\n\n\n\n<figure class=\"wp-block-image size-large\"><img loading=\"lazy\" width=\"1024\" height=\"614\" src=\"http:\/\/mosna-capaclia-heritage.eu\/wp-content\/uploads\/2021\/07\/poza001-2-1-1024x614.jpg\" alt=\"\" class=\"wp-image-1132\" srcset=\"https:\/\/mosna-capaclia-heritage.eu\/wp-content\/uploads\/2021\/07\/poza001-2-1-1024x614.jpg 1024w, https:\/\/mosna-capaclia-heritage.eu\/wp-content\/uploads\/2021\/07\/poza001-2-1-300x180.jpg 300w, https:\/\/mosna-capaclia-heritage.eu\/wp-content\/uploads\/2021\/07\/poza001-2-1-768x461.jpg 768w, https:\/\/mosna-capaclia-heritage.eu\/wp-content\/uploads\/2021\/07\/poza001-2-1-1536x921.jpg 1536w, https:\/\/mosna-capaclia-heritage.eu\/wp-content\/uploads\/2021\/07\/poza001-2-1-2048x1228.jpg 2048w, https:\/\/mosna-capaclia-heritage.eu\/wp-content\/uploads\/2021\/07\/poza001-2-1-280x168.jpg 280w, https:\/\/mosna-capaclia-heritage.eu\/wp-content\/uploads\/2021\/07\/poza001-2-1-1170x702.jpg 1170w\" sizes=\"(max-width: 1024px) 100vw, 1024px\" \/><\/figure>\n\n\n\n<figure class=\"wp-block-image size-large\"><img loading=\"lazy\" width=\"729\" height=\"1024\" src=\"http:\/\/mosna-capaclia-heritage.eu\/wp-content\/uploads\/2021\/07\/000422-729x1024.jpg\" alt=\"\" class=\"wp-image-1080\" srcset=\"https:\/\/mosna-capaclia-heritage.eu\/wp-content\/uploads\/2021\/07\/000422-729x1024.jpg 729w, https:\/\/mosna-capaclia-heritage.eu\/wp-content\/uploads\/2021\/07\/000422-214x300.jpg 214w, https:\/\/mosna-capaclia-heritage.eu\/wp-content\/uploads\/2021\/07\/000422-768x1078.jpg 768w, https:\/\/mosna-capaclia-heritage.eu\/wp-content\/uploads\/2021\/07\/000422-1094x1536.jpg 1094w, https:\/\/mosna-capaclia-heritage.eu\/wp-content\/uploads\/2021\/07\/000422-133x187.jpg 133w, https:\/\/mosna-capaclia-heritage.eu\/wp-content\/uploads\/2021\/07\/000422-1170x1643.jpg 1170w, https:\/\/mosna-capaclia-heritage.eu\/wp-content\/uploads\/2021\/07\/000422.jpg 1455w\" sizes=\"(max-width: 729px) 100vw, 729px\" \/><\/figure>\n\n\n\n<figure class=\"wp-block-image size-large\"><img loading=\"lazy\" width=\"1024\" height=\"685\" src=\"http:\/\/mosna-capaclia-heritage.eu\/wp-content\/uploads\/2021\/07\/0001-17-1024x685.jpg\" alt=\"\" class=\"wp-image-1079\" srcset=\"https:\/\/mosna-capaclia-heritage.eu\/wp-content\/uploads\/2021\/07\/0001-17-1024x685.jpg 1024w, https:\/\/mosna-capaclia-heritage.eu\/wp-content\/uploads\/2021\/07\/0001-17-300x201.jpg 300w, https:\/\/mosna-capaclia-heritage.eu\/wp-content\/uploads\/2021\/07\/0001-17-768x514.jpg 768w, https:\/\/mosna-capaclia-heritage.eu\/wp-content\/uploads\/2021\/07\/0001-17-1536x1028.jpg 1536w, https:\/\/mosna-capaclia-heritage.eu\/wp-content\/uploads\/2021\/07\/0001-17-280x187.jpg 280w, https:\/\/mosna-capaclia-heritage.eu\/wp-content\/uploads\/2021\/07\/0001-17-1170x783.jpg 1170w, https:\/\/mosna-capaclia-heritage.eu\/wp-content\/uploads\/2021\/07\/0001-17.jpg 1654w\" sizes=\"(max-width: 1024px) 100vw, 1024px\" \/><\/figure>\n\n\n\n<figure class=\"wp-block-image size-large\"><img loading=\"lazy\" width=\"1024\" height=\"721\" src=\"http:\/\/mosna-capaclia-heritage.eu\/wp-content\/uploads\/2021\/07\/DOC-2-1024x721.jpg\" alt=\"\" class=\"wp-image-1152\" srcset=\"https:\/\/mosna-capaclia-heritage.eu\/wp-content\/uploads\/2021\/07\/DOC-2-1024x721.jpg 1024w, https:\/\/mosna-capaclia-heritage.eu\/wp-content\/uploads\/2021\/07\/DOC-2-300x211.jpg 300w, https:\/\/mosna-capaclia-heritage.eu\/wp-content\/uploads\/2021\/07\/DOC-2-768x541.jpg 768w, https:\/\/mosna-capaclia-heritage.eu\/wp-content\/uploads\/2021\/07\/DOC-2-1536x1082.jpg 1536w, https:\/\/mosna-capaclia-heritage.eu\/wp-content\/uploads\/2021\/07\/DOC-2-2048x1442.jpg 2048w, https:\/\/mosna-capaclia-heritage.eu\/wp-content\/uploads\/2021\/07\/DOC-2-266x187.jpg 266w, https:\/\/mosna-capaclia-heritage.eu\/wp-content\/uploads\/2021\/07\/DOC-2-1170x824.jpg 1170w\" sizes=\"(max-width: 1024px) 100vw, 1024px\" \/><\/figure>\n\n\n\n<figure class=\"wp-block-image size-large\"><img loading=\"lazy\" width=\"726\" height=\"1024\" src=\"http:\/\/mosna-capaclia-heritage.eu\/wp-content\/uploads\/2021\/07\/DOC002-2-726x1024.jpg\" alt=\"\" class=\"wp-image-1154\" srcset=\"https:\/\/mosna-capaclia-heritage.eu\/wp-content\/uploads\/2021\/07\/DOC002-2-726x1024.jpg 726w, https:\/\/mosna-capaclia-heritage.eu\/wp-content\/uploads\/2021\/07\/DOC002-2-213x300.jpg 213w, https:\/\/mosna-capaclia-heritage.eu\/wp-content\/uploads\/2021\/07\/DOC002-2-768x1083.jpg 768w, https:\/\/mosna-capaclia-heritage.eu\/wp-content\/uploads\/2021\/07\/DOC002-2-1090x1536.jpg 1090w, https:\/\/mosna-capaclia-heritage.eu\/wp-content\/uploads\/2021\/07\/DOC002-2-133x187.jpg 133w, https:\/\/mosna-capaclia-heritage.eu\/wp-content\/uploads\/2021\/07\/DOC002-2-1170x1649.jpg 1170w, https:\/\/mosna-capaclia-heritage.eu\/wp-content\/uploads\/2021\/07\/DOC002-2.jpg 1274w\" sizes=\"(max-width: 726px) 100vw, 726px\" \/><\/figure>\n\n\n<style>#jtg-169 .modula-item .jtg-social a, .lightbox-socials.jtg-social a{ color: #ffffff }#jtg-169 .modula-item .jtg-social svg, .lightbox-socials.jtg-social svg { height: 16px; width: 16px }#jtg-169 .modula-item .jtg-social a:not(:last-child), .lightbox-socials.jtg-social a:not(:last-child) { margin-right: 10px }#jtg-169 .modula-item .figc {color:#ffffff;}#jtg-169 .modula-item .modula-item-content { transform: scale(1) }#jtg-169 { width:100%;}#jtg-169 .modula-items .figc p.description { font-size:14px; }#jtg-169 .modula-items .figc p.description { color:#ffffff;}#jtg-169.modula-gallery .modula-item > a, #jtg-169.modula-gallery .modula-item, #jtg-169.modula-gallery .modula-item-content > a { cursor:zoom-in; } #jtg-169.modula-gallery .modula-item, .modula-gallery .modula-grid-sizer { width: calc(33.333333333333% - 6.6666666666667px) !important ; } #jtg-169 .modula-items{position:relative;}@media screen and (max-width:480px){#jtg-169 .modula-item .figc .jtg-title {  font-size: 12px; }#jtg-169 .modula-items .figc p.description { color:#ffffff;font-size:10px; }}<\/style>\n<!-- Gallery Container -->\n<div  id=\"jtg-169\" class=\"modula modula-gallery modula-columns\" data-config=\"{&quot;enableTwitter&quot;:false,&quot;enableWhatsapp&quot;:false,&quot;enableFacebook&quot;:false,&quot;enablePinterest&quot;:false,&quot;enableLinkedin&quot;:false,&quot;enableEmail&quot;:false,&quot;randomFactor&quot;:0.5,&quot;type&quot;:&quot;grid&quot;,&quot;columns&quot;:12,&quot;gutter&quot;:10,&quot;mobileGutter&quot;:10,&quot;tabletGutter&quot;:10,&quot;desktopGutter&quot;:10,&quot;enableResponsive&quot;:&quot;0&quot;,&quot;tabletColumns&quot;:&quot;2&quot;,&quot;mobileColumns&quot;:&quot;1&quot;,&quot;lazyLoad&quot;:&quot;0&quot;,&quot;lightboxOpts&quot;:{&quot;loop&quot;:false,&quot;arrows&quot;:true,&quot;toolbar&quot;:true,&quot;keyboard&quot;:false,&quot;wheel&quot;:false,&quot;buttons&quot;:[&quot;close&quot;],&quot;hash&quot;:false,&quot;lang&quot;:&quot;en&quot;,&quot;touch&quot;:false,&quot;protect&quot;:false,&quot;i18n&quot;:{&quot;en&quot;:{&quot;CLOSE&quot;:&quot;Close&quot;,&quot;NEXT&quot;:&quot;Next&quot;,&quot;PREV&quot;:&quot;Previous&quot;,&quot;Error&quot;:&quot;The requested content cannot be loaded. Please try again later.&quot;,&quot;PLAY_START&quot;:&quot;Start slideshow&quot;,&quot;PLAY_STOP&quot;:&quot;Pause slideshow&quot;,&quot;FULL_SCREEN&quot;:&quot;Full screen&quot;,&quot;THUMBS&quot;:&quot;Thumbnails&quot;,&quot;DOWNLOAD&quot;:&quot;Download&quot;,&quot;SHARE&quot;:&quot;Share&quot;,&quot;ZOOM&quot;:&quot;Zoom&quot;}},&quot;clickSlide&quot;:false,&quot;clickOutside&quot;:false,&quot;dblclickContent&quot;:false,&quot;dblclickSlide&quot;:false,&quot;dblclickOutside&quot;:false,&quot;clickContent&quot;:false,&quot;baseTpl&quot;:&quot;&lt;div class=\\&quot;modula-fancybox-container modula-lightbox-jtg-169\\&quot; role=\\&quot;dialog\\&quot; tabindex=\\&quot;-1\\&quot;&gt;&lt;div class=\\&quot;modula-fancybox-bg\\&quot;&gt;&lt;\\\/div&gt;&lt;div class=\\&quot;modula-fancybox-inner\\&quot;&gt;&lt;div class=\\&quot;modula-fancybox-infobar\\&quot;&gt;&lt;span data-fancybox-index&gt;&lt;\\\/span&gt;&nbsp;\\\/&nbsp;&lt;span data-fancybox-count&gt;&lt;\\\/span&gt;&lt;\\\/div&gt;&lt;div class=\\&quot;modula-fancybox-toolbar\\&quot;&gt;{{buttons}}&lt;\\\/div&gt;&lt;div class=\\&quot;modula-fancybox-navigation\\&quot;&gt;{{arrows}}&lt;\\\/div&gt;&lt;div class=\\&quot;modula-fancybox-stage\\&quot;&gt;&lt;\\\/div&gt;&lt;div class=\\&quot;modula-fancybox-caption\\&quot;&gt;&lt;div class=\\&quot;modula-fancybox-caption__body\\&quot;&gt;&lt;\\\/div&gt;&lt;\\\/div&gt;&lt;\\\/div&gt;&lt;\\\/div&gt;&quot;},&quot;inView&quot;:false,&quot;email_subject&quot;:&quot;Check out this awesome image !!&quot;,&quot;email_message&quot;:&quot;Here is the link to the image : %%image_link%% and this is the link to the gallery : %%gallery_link%%&quot;,&quot;grid_type&quot;:&quot;3&quot;,&quot;rowHeight&quot;:150,&quot;lastRow&quot;:&quot;justify&quot;,&quot;lightbox&quot;:&quot;fancybox&quot;}\">\n\n\t<div class=\"modula-grid-sizer\"> <\/div>\n\t<!-- Items Container -->\n\t<div  class=\"modula-items grid-gallery\">\n\t\t<div class=\"modula-item effect-pufrobo\" >\n\t<div class=\"modula-item-overlay\"><\/div>\n\n\t<div class=\"modula-item-content\">\n\n\t\t\t\t\n\t\t\t\t\t<a data-image-id=\"130\" href=\"https:\/\/mosna-capaclia-heritage.eu\/wp-content\/uploads\/2020\/11\/IMG_0892-scaled.jpg\" rel=\"jtg-169\" data-caption=\"\" class=\"tile-inner modula-item-link\"><\/a>\n\t\t\n\t\t<img class=\"pic\"  data-valign=\"middle\" data-halign=\"center\" alt=\"\" data-full=\"http:\/\/mosna-capaclia-heritage.eu\/wp-content\/uploads\/2020\/11\/IMG_0892.jpg\" title=\"IMG_0892\" width=\"300\" height=\"200\" src=\"https:\/\/mosna-capaclia-heritage.eu\/wp-content\/uploads\/2020\/11\/IMG_0892-300x200.jpg\" data-src=\"https:\/\/mosna-capaclia-heritage.eu\/wp-content\/uploads\/2020\/11\/IMG_0892-300x200.jpg\" data-caption=\"\"srcset=\"https:\/\/mosna-capaclia-heritage.eu\/wp-content\/uploads\/2020\/11\/IMG_0892-300x200.jpg 300w, https:\/\/mosna-capaclia-heritage.eu\/wp-content\/uploads\/2020\/11\/IMG_0892-1024x683.jpg 1024w, https:\/\/mosna-capaclia-heritage.eu\/wp-content\/uploads\/2020\/11\/IMG_0892-768x512.jpg 768w, https:\/\/mosna-capaclia-heritage.eu\/wp-content\/uploads\/2020\/11\/IMG_0892-1536x1024.jpg 1536w, https:\/\/mosna-capaclia-heritage.eu\/wp-content\/uploads\/2020\/11\/IMG_0892-2048x1365.jpg 2048w, https:\/\/mosna-capaclia-heritage.eu\/wp-content\/uploads\/2020\/11\/IMG_0892-280x187.jpg 280w, https:\/\/mosna-capaclia-heritage.eu\/wp-content\/uploads\/2020\/11\/IMG_0892-1170x780.jpg 1170w\" sizes=\"(max-width: 300px) 100vw, 300px\"\" \/>\n\t\t<div class=\"figc no-description\">\n\t\t\t<div class=\"figc-inner\">\n\t\t\t\t\t\t\t\t\t\t\t\t\t\t\t<\/div>\n\t\t<\/div>\n\n\t<\/div>\n\n<\/div><div class=\"modula-item effect-pufrobo\" >\n\t<div class=\"modula-item-overlay\"><\/div>\n\n\t<div class=\"modula-item-content\">\n\n\t\t\t\t\n\t\t\t\t\t<a data-image-id=\"139\" href=\"https:\/\/mosna-capaclia-heritage.eu\/wp-content\/uploads\/2020\/11\/IMG_0955-scaled.jpg\" rel=\"jtg-169\" data-caption=\"\" class=\"tile-inner modula-item-link\"><\/a>\n\t\t\n\t\t<img class=\"pic\"  data-valign=\"middle\" data-halign=\"center\" alt=\"\" data-full=\"http:\/\/mosna-capaclia-heritage.eu\/wp-content\/uploads\/2020\/11\/IMG_0955.jpg\" title=\"IMG_0955\" width=\"300\" height=\"200\" src=\"https:\/\/mosna-capaclia-heritage.eu\/wp-content\/uploads\/2020\/11\/IMG_0955-300x200.jpg\" data-src=\"https:\/\/mosna-capaclia-heritage.eu\/wp-content\/uploads\/2020\/11\/IMG_0955-300x200.jpg\" data-caption=\"\"srcset=\"https:\/\/mosna-capaclia-heritage.eu\/wp-content\/uploads\/2020\/11\/IMG_0955-300x200.jpg 300w, https:\/\/mosna-capaclia-heritage.eu\/wp-content\/uploads\/2020\/11\/IMG_0955-1024x683.jpg 1024w, https:\/\/mosna-capaclia-heritage.eu\/wp-content\/uploads\/2020\/11\/IMG_0955-768x512.jpg 768w, https:\/\/mosna-capaclia-heritage.eu\/wp-content\/uploads\/2020\/11\/IMG_0955-1536x1024.jpg 1536w, https:\/\/mosna-capaclia-heritage.eu\/wp-content\/uploads\/2020\/11\/IMG_0955-2048x1365.jpg 2048w, https:\/\/mosna-capaclia-heritage.eu\/wp-content\/uploads\/2020\/11\/IMG_0955-280x187.jpg 280w, https:\/\/mosna-capaclia-heritage.eu\/wp-content\/uploads\/2020\/11\/IMG_0955-1170x780.jpg 1170w\" sizes=\"(max-width: 300px) 100vw, 300px\"\" \/>\n\t\t<div class=\"figc no-description\">\n\t\t\t<div class=\"figc-inner\">\n\t\t\t\t\t\t\t\t\t\t\t\t\t\t\t<\/div>\n\t\t<\/div>\n\n\t<\/div>\n\n<\/div><div class=\"modula-item effect-pufrobo\" >\n\t<div class=\"modula-item-overlay\"><\/div>\n\n\t<div class=\"modula-item-content\">\n\n\t\t\t\t\n\t\t\t\t\t<a data-image-id=\"140\" href=\"https:\/\/mosna-capaclia-heritage.eu\/wp-content\/uploads\/2020\/11\/IMG_0960-scaled.jpg\" rel=\"jtg-169\" data-caption=\"\" class=\"tile-inner modula-item-link\"><\/a>\n\t\t\n\t\t<img class=\"pic\"  data-valign=\"middle\" data-halign=\"center\" alt=\"\" data-full=\"http:\/\/mosna-capaclia-heritage.eu\/wp-content\/uploads\/2020\/11\/IMG_0960.jpg\" title=\"IMG_0960\" width=\"300\" height=\"200\" src=\"https:\/\/mosna-capaclia-heritage.eu\/wp-content\/uploads\/2020\/11\/IMG_0960-300x200.jpg\" data-src=\"https:\/\/mosna-capaclia-heritage.eu\/wp-content\/uploads\/2020\/11\/IMG_0960-300x200.jpg\" data-caption=\"\"srcset=\"https:\/\/mosna-capaclia-heritage.eu\/wp-content\/uploads\/2020\/11\/IMG_0960-300x200.jpg 300w, https:\/\/mosna-capaclia-heritage.eu\/wp-content\/uploads\/2020\/11\/IMG_0960-1024x683.jpg 1024w, https:\/\/mosna-capaclia-heritage.eu\/wp-content\/uploads\/2020\/11\/IMG_0960-768x512.jpg 768w, https:\/\/mosna-capaclia-heritage.eu\/wp-content\/uploads\/2020\/11\/IMG_0960-1536x1024.jpg 1536w, https:\/\/mosna-capaclia-heritage.eu\/wp-content\/uploads\/2020\/11\/IMG_0960-2048x1365.jpg 2048w, https:\/\/mosna-capaclia-heritage.eu\/wp-content\/uploads\/2020\/11\/IMG_0960-280x187.jpg 280w, https:\/\/mosna-capaclia-heritage.eu\/wp-content\/uploads\/2020\/11\/IMG_0960-1170x780.jpg 1170w\" sizes=\"(max-width: 300px) 100vw, 300px\"\" \/>\n\t\t<div class=\"figc no-description\">\n\t\t\t<div class=\"figc-inner\">\n\t\t\t\t\t\t\t\t\t\t\t\t\t\t\t<\/div>\n\t\t<\/div>\n\n\t<\/div>\n\n<\/div><div class=\"modula-item effect-pufrobo\" >\n\t<div class=\"modula-item-overlay\"><\/div>\n\n\t<div class=\"modula-item-content\">\n\n\t\t\t\t\n\t\t\t\t\t<a data-image-id=\"137\" href=\"https:\/\/mosna-capaclia-heritage.eu\/wp-content\/uploads\/2020\/11\/IMG_0925-scaled.jpg\" rel=\"jtg-169\" data-caption=\"\" class=\"tile-inner modula-item-link\"><\/a>\n\t\t\n\t\t<img class=\"pic\"  data-valign=\"middle\" data-halign=\"center\" alt=\"\" data-full=\"http:\/\/mosna-capaclia-heritage.eu\/wp-content\/uploads\/2020\/11\/IMG_0925.jpg\" title=\"IMG_0925\" width=\"300\" height=\"200\" src=\"https:\/\/mosna-capaclia-heritage.eu\/wp-content\/uploads\/2020\/11\/IMG_0925-300x200.jpg\" data-src=\"https:\/\/mosna-capaclia-heritage.eu\/wp-content\/uploads\/2020\/11\/IMG_0925-300x200.jpg\" data-caption=\"\"srcset=\"https:\/\/mosna-capaclia-heritage.eu\/wp-content\/uploads\/2020\/11\/IMG_0925-300x200.jpg 300w, https:\/\/mosna-capaclia-heritage.eu\/wp-content\/uploads\/2020\/11\/IMG_0925-1024x683.jpg 1024w, https:\/\/mosna-capaclia-heritage.eu\/wp-content\/uploads\/2020\/11\/IMG_0925-768x512.jpg 768w, https:\/\/mosna-capaclia-heritage.eu\/wp-content\/uploads\/2020\/11\/IMG_0925-1536x1024.jpg 1536w, https:\/\/mosna-capaclia-heritage.eu\/wp-content\/uploads\/2020\/11\/IMG_0925-2048x1365.jpg 2048w, https:\/\/mosna-capaclia-heritage.eu\/wp-content\/uploads\/2020\/11\/IMG_0925-280x187.jpg 280w, https:\/\/mosna-capaclia-heritage.eu\/wp-content\/uploads\/2020\/11\/IMG_0925-1170x780.jpg 1170w\" sizes=\"(max-width: 300px) 100vw, 300px\"\" \/>\n\t\t<div class=\"figc no-description\">\n\t\t\t<div class=\"figc-inner\">\n\t\t\t\t\t\t\t\t\t\t\t\t\t\t\t<\/div>\n\t\t<\/div>\n\n\t<\/div>\n\n<\/div><div class=\"modula-item effect-pufrobo\" >\n\t<div class=\"modula-item-overlay\"><\/div>\n\n\t<div class=\"modula-item-content\">\n\n\t\t\t\t\n\t\t\t\t\t<a data-image-id=\"117\" href=\"https:\/\/mosna-capaclia-heritage.eu\/wp-content\/uploads\/2020\/11\/IMG_20200724_161037-scaled.jpg\" rel=\"jtg-169\" data-caption=\"\" class=\"tile-inner modula-item-link\"><\/a>\n\t\t\n\t\t<img class=\"pic\"  data-valign=\"middle\" data-halign=\"center\" alt=\"\" data-full=\"http:\/\/mosna-capaclia-heritage.eu\/wp-content\/uploads\/2020\/11\/IMG_20200724_161037.jpg\" title=\"IMG_20200724_161037\" width=\"225\" height=\"300\" src=\"https:\/\/mosna-capaclia-heritage.eu\/wp-content\/uploads\/2020\/11\/IMG_20200724_161037-225x300.jpg\" data-src=\"https:\/\/mosna-capaclia-heritage.eu\/wp-content\/uploads\/2020\/11\/IMG_20200724_161037-225x300.jpg\" data-caption=\"\"srcset=\"https:\/\/mosna-capaclia-heritage.eu\/wp-content\/uploads\/2020\/11\/IMG_20200724_161037-225x300.jpg 225w, https:\/\/mosna-capaclia-heritage.eu\/wp-content\/uploads\/2020\/11\/IMG_20200724_161037-768x1024.jpg 768w, https:\/\/mosna-capaclia-heritage.eu\/wp-content\/uploads\/2020\/11\/IMG_20200724_161037-1152x1536.jpg 1152w, https:\/\/mosna-capaclia-heritage.eu\/wp-content\/uploads\/2020\/11\/IMG_20200724_161037-1536x2048.jpg 1536w, https:\/\/mosna-capaclia-heritage.eu\/wp-content\/uploads\/2020\/11\/IMG_20200724_161037-140x187.jpg 140w, https:\/\/mosna-capaclia-heritage.eu\/wp-content\/uploads\/2020\/11\/IMG_20200724_161037-1170x1560.jpg 1170w, https:\/\/mosna-capaclia-heritage.eu\/wp-content\/uploads\/2020\/11\/IMG_20200724_161037-scaled.jpg 1920w\" sizes=\"(max-width: 225px) 100vw, 225px\"\" \/>\n\t\t<div class=\"figc no-description\">\n\t\t\t<div class=\"figc-inner\">\n\t\t\t\t\t\t\t\t\t\t\t\t\t\t\t<\/div>\n\t\t<\/div>\n\n\t<\/div>\n\n<\/div><div class=\"modula-item effect-pufrobo\" >\n\t<div class=\"modula-item-overlay\"><\/div>\n\n\t<div class=\"modula-item-content\">\n\n\t\t\t\t\n\t\t\t\t\t<a data-image-id=\"107\" href=\"https:\/\/mosna-capaclia-heritage.eu\/wp-content\/uploads\/2020\/11\/DSC_1159-scaled.jpg\" rel=\"jtg-169\" data-caption=\"\" class=\"tile-inner modula-item-link\"><\/a>\n\t\t\n\t\t<img class=\"pic\"  data-valign=\"middle\" data-halign=\"center\" alt=\"\" data-full=\"http:\/\/mosna-capaclia-heritage.eu\/wp-content\/uploads\/2020\/11\/DSC_1159.jpg\" title=\"DSC_1159\" width=\"300\" height=\"200\" src=\"https:\/\/mosna-capaclia-heritage.eu\/wp-content\/uploads\/2020\/11\/DSC_1159-300x200.jpg\" data-src=\"https:\/\/mosna-capaclia-heritage.eu\/wp-content\/uploads\/2020\/11\/DSC_1159-300x200.jpg\" data-caption=\"\"srcset=\"https:\/\/mosna-capaclia-heritage.eu\/wp-content\/uploads\/2020\/11\/DSC_1159-300x200.jpg 300w, https:\/\/mosna-capaclia-heritage.eu\/wp-content\/uploads\/2020\/11\/DSC_1159-1024x683.jpg 1024w, https:\/\/mosna-capaclia-heritage.eu\/wp-content\/uploads\/2020\/11\/DSC_1159-768x512.jpg 768w, https:\/\/mosna-capaclia-heritage.eu\/wp-content\/uploads\/2020\/11\/DSC_1159-1536x1024.jpg 1536w, https:\/\/mosna-capaclia-heritage.eu\/wp-content\/uploads\/2020\/11\/DSC_1159-2048x1365.jpg 2048w, https:\/\/mosna-capaclia-heritage.eu\/wp-content\/uploads\/2020\/11\/DSC_1159-280x187.jpg 280w, https:\/\/mosna-capaclia-heritage.eu\/wp-content\/uploads\/2020\/11\/DSC_1159-1170x780.jpg 1170w\" sizes=\"(max-width: 300px) 100vw, 300px\"\" \/>\n\t\t<div class=\"figc no-description\">\n\t\t\t<div class=\"figc-inner\">\n\t\t\t\t\t\t\t\t\t\t\t\t\t\t\t<\/div>\n\t\t<\/div>\n\n\t<\/div>\n\n<\/div><div class=\"modula-item effect-pufrobo\" >\n\t<div class=\"modula-item-overlay\"><\/div>\n\n\t<div class=\"modula-item-content\">\n\n\t\t\t\t\n\t\t\t\t\t<a data-image-id=\"114\" href=\"https:\/\/mosna-capaclia-heritage.eu\/wp-content\/uploads\/2020\/11\/IMG_20200724_144724-scaled.jpg\" rel=\"jtg-169\" data-caption=\"\" class=\"tile-inner modula-item-link\"><\/a>\n\t\t\n\t\t<img class=\"pic\"  data-valign=\"middle\" data-halign=\"center\" alt=\"\" data-full=\"http:\/\/mosna-capaclia-heritage.eu\/wp-content\/uploads\/2020\/11\/IMG_20200724_144724.jpg\" title=\"IMG_20200724_144724\" width=\"225\" height=\"300\" src=\"https:\/\/mosna-capaclia-heritage.eu\/wp-content\/uploads\/2020\/11\/IMG_20200724_144724-225x300.jpg\" data-src=\"https:\/\/mosna-capaclia-heritage.eu\/wp-content\/uploads\/2020\/11\/IMG_20200724_144724-225x300.jpg\" data-caption=\"\"srcset=\"https:\/\/mosna-capaclia-heritage.eu\/wp-content\/uploads\/2020\/11\/IMG_20200724_144724-225x300.jpg 225w, https:\/\/mosna-capaclia-heritage.eu\/wp-content\/uploads\/2020\/11\/IMG_20200724_144724-768x1024.jpg 768w, https:\/\/mosna-capaclia-heritage.eu\/wp-content\/uploads\/2020\/11\/IMG_20200724_144724-1152x1536.jpg 1152w, https:\/\/mosna-capaclia-heritage.eu\/wp-content\/uploads\/2020\/11\/IMG_20200724_144724-1536x2048.jpg 1536w, https:\/\/mosna-capaclia-heritage.eu\/wp-content\/uploads\/2020\/11\/IMG_20200724_144724-140x187.jpg 140w, https:\/\/mosna-capaclia-heritage.eu\/wp-content\/uploads\/2020\/11\/IMG_20200724_144724-1170x1560.jpg 1170w, https:\/\/mosna-capaclia-heritage.eu\/wp-content\/uploads\/2020\/11\/IMG_20200724_144724-scaled.jpg 1920w\" sizes=\"(max-width: 225px) 100vw, 225px\"\" \/>\n\t\t<div class=\"figc no-description\">\n\t\t\t<div class=\"figc-inner\">\n\t\t\t\t\t\t\t\t\t\t\t\t\t\t\t<\/div>\n\t\t<\/div>\n\n\t<\/div>\n\n<\/div><div class=\"modula-item effect-pufrobo\" >\n\t<div class=\"modula-item-overlay\"><\/div>\n\n\t<div class=\"modula-item-content\">\n\n\t\t\t\t\n\t\t\t\t\t<a data-image-id=\"115\" href=\"https:\/\/mosna-capaclia-heritage.eu\/wp-content\/uploads\/2020\/11\/IMG_20200724_145219-scaled.jpg\" rel=\"jtg-169\" data-caption=\"\" class=\"tile-inner modula-item-link\"><\/a>\n\t\t\n\t\t<img class=\"pic\"  data-valign=\"middle\" data-halign=\"center\" alt=\"\" data-full=\"http:\/\/mosna-capaclia-heritage.eu\/wp-content\/uploads\/2020\/11\/IMG_20200724_145219.jpg\" title=\"IMG_20200724_145219\" width=\"225\" height=\"300\" src=\"https:\/\/mosna-capaclia-heritage.eu\/wp-content\/uploads\/2020\/11\/IMG_20200724_145219-225x300.jpg\" data-src=\"https:\/\/mosna-capaclia-heritage.eu\/wp-content\/uploads\/2020\/11\/IMG_20200724_145219-225x300.jpg\" data-caption=\"\"srcset=\"https:\/\/mosna-capaclia-heritage.eu\/wp-content\/uploads\/2020\/11\/IMG_20200724_145219-225x300.jpg 225w, https:\/\/mosna-capaclia-heritage.eu\/wp-content\/uploads\/2020\/11\/IMG_20200724_145219-768x1024.jpg 768w, https:\/\/mosna-capaclia-heritage.eu\/wp-content\/uploads\/2020\/11\/IMG_20200724_145219-1152x1536.jpg 1152w, https:\/\/mosna-capaclia-heritage.eu\/wp-content\/uploads\/2020\/11\/IMG_20200724_145219-1536x2048.jpg 1536w, https:\/\/mosna-capaclia-heritage.eu\/wp-content\/uploads\/2020\/11\/IMG_20200724_145219-140x187.jpg 140w, https:\/\/mosna-capaclia-heritage.eu\/wp-content\/uploads\/2020\/11\/IMG_20200724_145219-1170x1560.jpg 1170w, https:\/\/mosna-capaclia-heritage.eu\/wp-content\/uploads\/2020\/11\/IMG_20200724_145219-scaled.jpg 1920w\" sizes=\"(max-width: 225px) 100vw, 225px\"\" \/>\n\t\t<div class=\"figc no-description\">\n\t\t\t<div class=\"figc-inner\">\n\t\t\t\t\t\t\t\t\t\t\t\t\t\t\t<\/div>\n\t\t<\/div>\n\n\t<\/div>\n\n<\/div><div class=\"modula-item effect-pufrobo\" >\n\t<div class=\"modula-item-overlay\"><\/div>\n\n\t<div class=\"modula-item-content\">\n\n\t\t\t\t\n\t\t\t\t\t<a data-image-id=\"116\" href=\"https:\/\/mosna-capaclia-heritage.eu\/wp-content\/uploads\/2020\/11\/IMG_20200724_152817-scaled.jpg\" rel=\"jtg-169\" data-caption=\"\" class=\"tile-inner modula-item-link\"><\/a>\n\t\t\n\t\t<img class=\"pic\"  data-valign=\"middle\" data-halign=\"center\" alt=\"\" data-full=\"http:\/\/mosna-capaclia-heritage.eu\/wp-content\/uploads\/2020\/11\/IMG_20200724_152817.jpg\" title=\"IMG_20200724_152817\" width=\"225\" height=\"300\" src=\"https:\/\/mosna-capaclia-heritage.eu\/wp-content\/uploads\/2020\/11\/IMG_20200724_152817-225x300.jpg\" data-src=\"https:\/\/mosna-capaclia-heritage.eu\/wp-content\/uploads\/2020\/11\/IMG_20200724_152817-225x300.jpg\" data-caption=\"\"srcset=\"https:\/\/mosna-capaclia-heritage.eu\/wp-content\/uploads\/2020\/11\/IMG_20200724_152817-225x300.jpg 225w, https:\/\/mosna-capaclia-heritage.eu\/wp-content\/uploads\/2020\/11\/IMG_20200724_152817-768x1024.jpg 768w, https:\/\/mosna-capaclia-heritage.eu\/wp-content\/uploads\/2020\/11\/IMG_20200724_152817-1152x1536.jpg 1152w, https:\/\/mosna-capaclia-heritage.eu\/wp-content\/uploads\/2020\/11\/IMG_20200724_152817-1536x2048.jpg 1536w, https:\/\/mosna-capaclia-heritage.eu\/wp-content\/uploads\/2020\/11\/IMG_20200724_152817-140x187.jpg 140w, https:\/\/mosna-capaclia-heritage.eu\/wp-content\/uploads\/2020\/11\/IMG_20200724_152817-1170x1560.jpg 1170w, https:\/\/mosna-capaclia-heritage.eu\/wp-content\/uploads\/2020\/11\/IMG_20200724_152817-scaled.jpg 1920w\" sizes=\"(max-width: 225px) 100vw, 225px\"\" \/>\n\t\t<div class=\"figc no-description\">\n\t\t\t<div class=\"figc-inner\">\n\t\t\t\t\t\t\t\t\t\t\t\t\t\t\t<\/div>\n\t\t<\/div>\n\n\t<\/div>\n\n<\/div><div class=\"modula-item effect-pufrobo\" >\n\t<div class=\"modula-item-overlay\"><\/div>\n\n\t<div class=\"modula-item-content\">\n\n\t\t\t\t\n\t\t\t\t\t<a data-image-id=\"106\" href=\"https:\/\/mosna-capaclia-heritage.eu\/wp-content\/uploads\/2020\/11\/DSC_1147-scaled.jpg\" rel=\"jtg-169\" data-caption=\"\" class=\"tile-inner modula-item-link\"><\/a>\n\t\t\n\t\t<img class=\"pic\"  data-valign=\"middle\" data-halign=\"center\" alt=\"\" data-full=\"http:\/\/mosna-capaclia-heritage.eu\/wp-content\/uploads\/2020\/11\/DSC_1147.jpg\" title=\"DSC_1147\" width=\"300\" height=\"200\" src=\"https:\/\/mosna-capaclia-heritage.eu\/wp-content\/uploads\/2020\/11\/DSC_1147-300x200.jpg\" data-src=\"https:\/\/mosna-capaclia-heritage.eu\/wp-content\/uploads\/2020\/11\/DSC_1147-300x200.jpg\" data-caption=\"\"srcset=\"https:\/\/mosna-capaclia-heritage.eu\/wp-content\/uploads\/2020\/11\/DSC_1147-300x200.jpg 300w, https:\/\/mosna-capaclia-heritage.eu\/wp-content\/uploads\/2020\/11\/DSC_1147-1024x683.jpg 1024w, https:\/\/mosna-capaclia-heritage.eu\/wp-content\/uploads\/2020\/11\/DSC_1147-768x512.jpg 768w, https:\/\/mosna-capaclia-heritage.eu\/wp-content\/uploads\/2020\/11\/DSC_1147-1536x1024.jpg 1536w, https:\/\/mosna-capaclia-heritage.eu\/wp-content\/uploads\/2020\/11\/DSC_1147-2048x1365.jpg 2048w, https:\/\/mosna-capaclia-heritage.eu\/wp-content\/uploads\/2020\/11\/DSC_1147-280x187.jpg 280w, https:\/\/mosna-capaclia-heritage.eu\/wp-content\/uploads\/2020\/11\/DSC_1147-1170x780.jpg 1170w\" sizes=\"(max-width: 300px) 100vw, 300px\"\" \/>\n\t\t<div class=\"figc no-description\">\n\t\t\t<div class=\"figc-inner\">\n\t\t\t\t\t\t\t\t\t\t\t\t\t\t\t<\/div>\n\t\t<\/div>\n\n\t<\/div>\n\n<\/div><div class=\"modula-item effect-pufrobo\" >\n\t<div class=\"modula-item-overlay\"><\/div>\n\n\t<div class=\"modula-item-content\">\n\n\t\t\t\t\n\t\t\t\t\t<a data-image-id=\"142\" href=\"https:\/\/mosna-capaclia-heritage.eu\/wp-content\/uploads\/2020\/11\/IMG_1050-scaled.jpg\" rel=\"jtg-169\" data-caption=\"\" class=\"tile-inner modula-item-link\"><\/a>\n\t\t\n\t\t<img class=\"pic\"  data-valign=\"middle\" data-halign=\"center\" alt=\"\" data-full=\"http:\/\/mosna-capaclia-heritage.eu\/wp-content\/uploads\/2020\/11\/IMG_1050.jpg\" title=\"IMG_1050\" width=\"300\" height=\"200\" src=\"https:\/\/mosna-capaclia-heritage.eu\/wp-content\/uploads\/2020\/11\/IMG_1050-300x200.jpg\" data-src=\"https:\/\/mosna-capaclia-heritage.eu\/wp-content\/uploads\/2020\/11\/IMG_1050-300x200.jpg\" data-caption=\"\"srcset=\"https:\/\/mosna-capaclia-heritage.eu\/wp-content\/uploads\/2020\/11\/IMG_1050-300x200.jpg 300w, https:\/\/mosna-capaclia-heritage.eu\/wp-content\/uploads\/2020\/11\/IMG_1050-1024x683.jpg 1024w, https:\/\/mosna-capaclia-heritage.eu\/wp-content\/uploads\/2020\/11\/IMG_1050-768x512.jpg 768w, https:\/\/mosna-capaclia-heritage.eu\/wp-content\/uploads\/2020\/11\/IMG_1050-1536x1024.jpg 1536w, https:\/\/mosna-capaclia-heritage.eu\/wp-content\/uploads\/2020\/11\/IMG_1050-2048x1365.jpg 2048w, https:\/\/mosna-capaclia-heritage.eu\/wp-content\/uploads\/2020\/11\/IMG_1050-280x187.jpg 280w, https:\/\/mosna-capaclia-heritage.eu\/wp-content\/uploads\/2020\/11\/IMG_1050-1170x780.jpg 1170w\" sizes=\"(max-width: 300px) 100vw, 300px\"\" \/>\n\t\t<div class=\"figc no-description\">\n\t\t\t<div class=\"figc-inner\">\n\t\t\t\t\t\t\t\t\t\t\t\t\t\t\t<\/div>\n\t\t<\/div>\n\n\t<\/div>\n\n<\/div><div class=\"modula-item effect-pufrobo\" >\n\t<div class=\"modula-item-overlay\"><\/div>\n\n\t<div class=\"modula-item-content\">\n\n\t\t\t\t\n\t\t\t\t\t<a data-image-id=\"103\" href=\"https:\/\/mosna-capaclia-heritage.eu\/wp-content\/uploads\/2020\/11\/DSC_0736-scaled.jpg\" rel=\"jtg-169\" data-caption=\"\" class=\"tile-inner modula-item-link\"><\/a>\n\t\t\n\t\t<img class=\"pic\"  data-valign=\"middle\" data-halign=\"center\" alt=\"\" data-full=\"http:\/\/mosna-capaclia-heritage.eu\/wp-content\/uploads\/2020\/11\/DSC_0736.jpg\" title=\"DSC_0736\" width=\"300\" height=\"200\" src=\"https:\/\/mosna-capaclia-heritage.eu\/wp-content\/uploads\/2020\/11\/DSC_0736-300x200.jpg\" data-src=\"https:\/\/mosna-capaclia-heritage.eu\/wp-content\/uploads\/2020\/11\/DSC_0736-300x200.jpg\" data-caption=\"\"srcset=\"https:\/\/mosna-capaclia-heritage.eu\/wp-content\/uploads\/2020\/11\/DSC_0736-300x200.jpg 300w, https:\/\/mosna-capaclia-heritage.eu\/wp-content\/uploads\/2020\/11\/DSC_0736-1024x683.jpg 1024w, https:\/\/mosna-capaclia-heritage.eu\/wp-content\/uploads\/2020\/11\/DSC_0736-768x512.jpg 768w, https:\/\/mosna-capaclia-heritage.eu\/wp-content\/uploads\/2020\/11\/DSC_0736-1536x1024.jpg 1536w, https:\/\/mosna-capaclia-heritage.eu\/wp-content\/uploads\/2020\/11\/DSC_0736-2048x1365.jpg 2048w, https:\/\/mosna-capaclia-heritage.eu\/wp-content\/uploads\/2020\/11\/DSC_0736-280x187.jpg 280w, https:\/\/mosna-capaclia-heritage.eu\/wp-content\/uploads\/2020\/11\/DSC_0736-1170x780.jpg 1170w\" sizes=\"(max-width: 300px) 100vw, 300px\"\" \/>\n\t\t<div class=\"figc no-description\">\n\t\t\t<div class=\"figc-inner\">\n\t\t\t\t\t\t\t\t\t\t\t\t\t\t\t<\/div>\n\t\t<\/div>\n\n\t<\/div>\n\n<\/div><div class=\"modula-item effect-pufrobo\" >\n\t<div class=\"modula-item-overlay\"><\/div>\n\n\t<div class=\"modula-item-content\">\n\n\t\t\t\t\n\t\t\t\t\t<a data-image-id=\"101\" href=\"https:\/\/mosna-capaclia-heritage.eu\/wp-content\/uploads\/2020\/11\/DSC_0654-scaled.jpg\" rel=\"jtg-169\" data-caption=\"\" class=\"tile-inner modula-item-link\"><\/a>\n\t\t\n\t\t<img class=\"pic\"  data-valign=\"middle\" data-halign=\"center\" alt=\"\" data-full=\"http:\/\/mosna-capaclia-heritage.eu\/wp-content\/uploads\/2020\/11\/DSC_0654.jpg\" title=\"DSC_0654\" width=\"300\" height=\"240\" src=\"https:\/\/mosna-capaclia-heritage.eu\/wp-content\/uploads\/2020\/11\/DSC_0654-300x240.jpg\" data-src=\"https:\/\/mosna-capaclia-heritage.eu\/wp-content\/uploads\/2020\/11\/DSC_0654-300x240.jpg\" data-caption=\"\"srcset=\"https:\/\/mosna-capaclia-heritage.eu\/wp-content\/uploads\/2020\/11\/DSC_0654-300x240.jpg 300w, https:\/\/mosna-capaclia-heritage.eu\/wp-content\/uploads\/2020\/11\/DSC_0654-1024x820.jpg 1024w, https:\/\/mosna-capaclia-heritage.eu\/wp-content\/uploads\/2020\/11\/DSC_0654-768x615.jpg 768w, https:\/\/mosna-capaclia-heritage.eu\/wp-content\/uploads\/2020\/11\/DSC_0654-1536x1230.jpg 1536w, https:\/\/mosna-capaclia-heritage.eu\/wp-content\/uploads\/2020\/11\/DSC_0654-2048x1640.jpg 2048w, https:\/\/mosna-capaclia-heritage.eu\/wp-content\/uploads\/2020\/11\/DSC_0654-234x187.jpg 234w, https:\/\/mosna-capaclia-heritage.eu\/wp-content\/uploads\/2020\/11\/DSC_0654-1170x937.jpg 1170w\" sizes=\"(max-width: 300px) 100vw, 300px\"\" \/>\n\t\t<div class=\"figc no-description\">\n\t\t\t<div class=\"figc-inner\">\n\t\t\t\t\t\t\t\t\t\t\t\t\t\t\t<\/div>\n\t\t<\/div>\n\n\t<\/div>\n\n<\/div><div class=\"modula-item effect-pufrobo\" >\n\t<div class=\"modula-item-overlay\"><\/div>\n\n\t<div class=\"modula-item-content\">\n\n\t\t\t\t\n\t\t\t\t\t<a data-image-id=\"96\" href=\"https:\/\/mosna-capaclia-heritage.eu\/wp-content\/uploads\/2020\/11\/DSC_0418-scaled.jpg\" rel=\"jtg-169\" data-caption=\"\" class=\"tile-inner modula-item-link\"><\/a>\n\t\t\n\t\t<img class=\"pic\"  data-valign=\"middle\" data-halign=\"center\" alt=\"\" data-full=\"http:\/\/mosna-capaclia-heritage.eu\/wp-content\/uploads\/2020\/11\/DSC_0418.jpg\" title=\"DSC_0418\" width=\"300\" height=\"281\" src=\"https:\/\/mosna-capaclia-heritage.eu\/wp-content\/uploads\/2020\/11\/DSC_0418-300x281.jpg\" data-src=\"https:\/\/mosna-capaclia-heritage.eu\/wp-content\/uploads\/2020\/11\/DSC_0418-300x281.jpg\" data-caption=\"\"srcset=\"https:\/\/mosna-capaclia-heritage.eu\/wp-content\/uploads\/2020\/11\/DSC_0418-300x281.jpg 300w, https:\/\/mosna-capaclia-heritage.eu\/wp-content\/uploads\/2020\/11\/DSC_0418-1024x958.jpg 1024w, https:\/\/mosna-capaclia-heritage.eu\/wp-content\/uploads\/2020\/11\/DSC_0418-768x719.jpg 768w, https:\/\/mosna-capaclia-heritage.eu\/wp-content\/uploads\/2020\/11\/DSC_0418-1536x1438.jpg 1536w, https:\/\/mosna-capaclia-heritage.eu\/wp-content\/uploads\/2020\/11\/DSC_0418-2048x1917.jpg 2048w, https:\/\/mosna-capaclia-heritage.eu\/wp-content\/uploads\/2020\/11\/DSC_0418-200x187.jpg 200w, https:\/\/mosna-capaclia-heritage.eu\/wp-content\/uploads\/2020\/11\/DSC_0418-1170x1095.jpg 1170w\" sizes=\"(max-width: 300px) 100vw, 300px\"\" \/>\n\t\t<div class=\"figc no-description\">\n\t\t\t<div class=\"figc-inner\">\n\t\t\t\t\t\t\t\t\t\t\t\t\t\t\t<\/div>\n\t\t<\/div>\n\n\t<\/div>\n\n<\/div>\t\t\n\t<\/div>\n\n\t\n\t\n\t<script type=\"application\/ld+json\">\n\t{\n\t\t\"@context\": \"http:\/\/schema.org\",\n\t\t\"@type\"   : \"ImageGallery\",\n\t\t\"id\"      : \"https:\/\/mosna-capaclia-heritage.eu\/en\/wp-json\/wp\/v2\/pages\/50\",\n\t\t\"url\"     : \"https:\/\/mosna-capaclia-heritage.eu\/en\/wp-json\/wp\/v2\/pages\/50\"\n\t}\n\n    <\/script>\n\n\t\n<\/div>\n\n\n\n<p><\/p>\n","protected":false},"excerpt":{"rendered":"<p>Semn de amintire &#8211; 10 Maiu 1929 &#8211; sus la Cet\u0103\u021buie! Plutonul II &#8211; Gr\u0103niceri &#8211; HOTIN Av\u00e2nd \u00eencorpora\u021bi solda\u021bi din Mo\u0219na Corul C\u0103minului Cultural &#8220;Prop\u0103\u0219irea&#8221; din Mo\u0219na, jud. F\u0103lciu, condus de Pr. Vasile Profir, ocup\u00e2nd locul 2, pe \u021bar\u0103, la Festivalul Restaura\u021biei, de la Bucure\u0219ti, din 8 iunie 1938 \u00cen zi de s\u0103rb\u0103toare &#8211;<\/p>\n","protected":false},"author":1,"featured_media":0,"parent":0,"menu_order":0,"comment_status":"closed","ping_status":"closed","template":"","meta":{"inline_featured_image":false},"yoast_head":"<!-- This site is optimized with the Yoast SEO plugin v18.0 - https:\/\/yoast.com\/wordpress\/plugins\/seo\/ -->\n<title>Fotografii - Heritage, Mosna Capaclia<\/title>\n<meta name=\"robots\" content=\"index, follow, max-snippet:-1, max-image-preview:large, max-video-preview:-1\" \/>\n<link rel=\"canonical\" href=\"https:\/\/mosna-capaclia-heritage.eu\/fotografii\/\" \/>\n<meta property=\"og:locale\" content=\"en_US\" \/>\n<meta property=\"og:type\" content=\"article\" \/>\n<meta property=\"og:title\" content=\"Fotografii - Heritage, Mosna Capaclia\" \/>\n<meta property=\"og:description\" content=\"Semn de amintire &#8211; 10 Maiu 1929 &#8211; sus la Cet\u0103\u021buie! Plutonul II &#8211; Gr\u0103niceri &#8211; HOTIN Av\u00e2nd \u00eencorpora\u021bi solda\u021bi din Mo\u0219na Corul C\u0103minului Cultural &#8220;Prop\u0103\u0219irea&#8221; din Mo\u0219na, jud. F\u0103lciu, condus de Pr. Vasile Profir, ocup\u00e2nd locul 2, pe \u021bar\u0103, la Festivalul Restaura\u021biei, de la Bucure\u0219ti, din 8 iunie 1938 \u00cen zi de s\u0103rb\u0103toare &#8211;\" \/>\n<meta property=\"og:url\" content=\"https:\/\/mosna-capaclia-heritage.eu\/fotografii\/\" \/>\n<meta property=\"og:site_name\" content=\"Heritage, Mosna Capaclia\" \/>\n<meta property=\"article:modified_time\" content=\"2021-09-28T13:24:13+00:00\" \/>\n<meta property=\"og:image\" content=\"http:\/\/mosna-capaclia-heritage.eu\/wp-content\/uploads\/2021\/07\/poze004-2-1024x815.jpg\" \/>\n<meta name=\"twitter:card\" content=\"summary_large_image\" \/>\n<meta name=\"twitter:label1\" content=\"Est. reading time\" \/>\n\t<meta name=\"twitter:data1\" content=\"7 minutes\" \/>\n<script type=\"application\/ld+json\" class=\"yoast-schema-graph\">{\"@context\":\"https:\/\/schema.org\",\"@graph\":[{\"@type\":\"WebSite\",\"@id\":\"https:\/\/mosna-capaclia-heritage.eu\/#website\",\"url\":\"https:\/\/mosna-capaclia-heritage.eu\/\",\"name\":\"Heritage, Mosna Capaclia\",\"description\":\"\",\"potentialAction\":[{\"@type\":\"SearchAction\",\"target\":{\"@type\":\"EntryPoint\",\"urlTemplate\":\"https:\/\/mosna-capaclia-heritage.eu\/?s={search_term_string}\"},\"query-input\":\"required name=search_term_string\"}],\"inLanguage\":\"en-US\"},{\"@type\":\"ImageObject\",\"@id\":\"https:\/\/mosna-capaclia-heritage.eu\/fotografii\/#primaryimage\",\"inLanguage\":\"en-US\",\"url\":\"http:\/\/mosna-capaclia-heritage.eu\/wp-content\/uploads\/2021\/07\/poze004-2-1024x815.jpg\",\"contentUrl\":\"http:\/\/mosna-capaclia-heritage.eu\/wp-content\/uploads\/2021\/07\/poze004-2-1024x815.jpg\"},{\"@type\":\"WebPage\",\"@id\":\"https:\/\/mosna-capaclia-heritage.eu\/fotografii\/#webpage\",\"url\":\"https:\/\/mosna-capaclia-heritage.eu\/fotografii\/\",\"name\":\"Fotografii - Heritage, Mosna Capaclia\",\"isPartOf\":{\"@id\":\"https:\/\/mosna-capaclia-heritage.eu\/#website\"},\"primaryImageOfPage\":{\"@id\":\"https:\/\/mosna-capaclia-heritage.eu\/fotografii\/#primaryimage\"},\"datePublished\":\"2020-11-18T14:25:32+00:00\",\"dateModified\":\"2021-09-28T13:24:13+00:00\",\"breadcrumb\":{\"@id\":\"https:\/\/mosna-capaclia-heritage.eu\/fotografii\/#breadcrumb\"},\"inLanguage\":\"en-US\",\"potentialAction\":[{\"@type\":\"ReadAction\",\"target\":[\"https:\/\/mosna-capaclia-heritage.eu\/fotografii\/\"]}]},{\"@type\":\"BreadcrumbList\",\"@id\":\"https:\/\/mosna-capaclia-heritage.eu\/fotografii\/#breadcrumb\",\"itemListElement\":[{\"@type\":\"ListItem\",\"position\":1,\"name\":\"Prima pagin\u0103\",\"item\":\"https:\/\/mosna-capaclia-heritage.eu\/\"},{\"@type\":\"ListItem\",\"position\":2,\"name\":\"Fotografii\"}]}]}<\/script>\n<!-- \/ Yoast SEO plugin. -->","yoast_head_json":{"title":"Fotografii - Heritage, Mosna Capaclia","robots":{"index":"index","follow":"follow","max-snippet":"max-snippet:-1","max-image-preview":"max-image-preview:large","max-video-preview":"max-video-preview:-1"},"canonical":"https:\/\/mosna-capaclia-heritage.eu\/fotografii\/","og_locale":"en_US","og_type":"article","og_title":"Fotografii - Heritage, Mosna Capaclia","og_description":"Semn de amintire &#8211; 10 Maiu 1929 &#8211; sus la Cet\u0103\u021buie! Plutonul II &#8211; Gr\u0103niceri &#8211; HOTIN Av\u00e2nd \u00eencorpora\u021bi solda\u021bi din Mo\u0219na Corul C\u0103minului Cultural &#8220;Prop\u0103\u0219irea&#8221; din Mo\u0219na, jud. F\u0103lciu, condus de Pr. Vasile Profir, ocup\u00e2nd locul 2, pe \u021bar\u0103, la Festivalul Restaura\u021biei, de la Bucure\u0219ti, din 8 iunie 1938 \u00cen zi de s\u0103rb\u0103toare &#8211;","og_url":"https:\/\/mosna-capaclia-heritage.eu\/fotografii\/","og_site_name":"Heritage, Mosna Capaclia","article_modified_time":"2021-09-28T13:24:13+00:00","og_image":[{"url":"http:\/\/mosna-capaclia-heritage.eu\/wp-content\/uploads\/2021\/07\/poze004-2-1024x815.jpg"}],"twitter_card":"summary_large_image","twitter_misc":{"Est. reading time":"7 minutes"},"schema":{"@context":"https:\/\/schema.org","@graph":[{"@type":"WebSite","@id":"https:\/\/mosna-capaclia-heritage.eu\/#website","url":"https:\/\/mosna-capaclia-heritage.eu\/","name":"Heritage, Mosna Capaclia","description":"","potentialAction":[{"@type":"SearchAction","target":{"@type":"EntryPoint","urlTemplate":"https:\/\/mosna-capaclia-heritage.eu\/?s={search_term_string}"},"query-input":"required name=search_term_string"}],"inLanguage":"en-US"},{"@type":"ImageObject","@id":"https:\/\/mosna-capaclia-heritage.eu\/fotografii\/#primaryimage","inLanguage":"en-US","url":"http:\/\/mosna-capaclia-heritage.eu\/wp-content\/uploads\/2021\/07\/poze004-2-1024x815.jpg","contentUrl":"http:\/\/mosna-capaclia-heritage.eu\/wp-content\/uploads\/2021\/07\/poze004-2-1024x815.jpg"},{"@type":"WebPage","@id":"https:\/\/mosna-capaclia-heritage.eu\/fotografii\/#webpage","url":"https:\/\/mosna-capaclia-heritage.eu\/fotografii\/","name":"Fotografii - Heritage, Mosna Capaclia","isPartOf":{"@id":"https:\/\/mosna-capaclia-heritage.eu\/#website"},"primaryImageOfPage":{"@id":"https:\/\/mosna-capaclia-heritage.eu\/fotografii\/#primaryimage"},"datePublished":"2020-11-18T14:25:32+00:00","dateModified":"2021-09-28T13:24:13+00:00","breadcrumb":{"@id":"https:\/\/mosna-capaclia-heritage.eu\/fotografii\/#breadcrumb"},"inLanguage":"en-US","potentialAction":[{"@type":"ReadAction","target":["https:\/\/mosna-capaclia-heritage.eu\/fotografii\/"]}]},{"@type":"BreadcrumbList","@id":"https:\/\/mosna-capaclia-heritage.eu\/fotografii\/#breadcrumb","itemListElement":[{"@type":"ListItem","position":1,"name":"Prima pagin\u0103","item":"https:\/\/mosna-capaclia-heritage.eu\/"},{"@type":"ListItem","position":2,"name":"Fotografii"}]}]}},"_links":{"self":[{"href":"https:\/\/mosna-capaclia-heritage.eu\/en\/wp-json\/wp\/v2\/pages\/50"}],"collection":[{"href":"https:\/\/mosna-capaclia-heritage.eu\/en\/wp-json\/wp\/v2\/pages"}],"about":[{"href":"https:\/\/mosna-capaclia-heritage.eu\/en\/wp-json\/wp\/v2\/types\/page"}],"author":[{"embeddable":true,"href":"https:\/\/mosna-capaclia-heritage.eu\/en\/wp-json\/wp\/v2\/users\/1"}],"replies":[{"embeddable":true,"href":"https:\/\/mosna-capaclia-heritage.eu\/en\/wp-json\/wp\/v2\/comments?post=50"}],"version-history":[{"count":44,"href":"https:\/\/mosna-capaclia-heritage.eu\/en\/wp-json\/wp\/v2\/pages\/50\/revisions"}],"predecessor-version":[{"id":1981,"href":"https:\/\/mosna-capaclia-heritage.eu\/en\/wp-json\/wp\/v2\/pages\/50\/revisions\/1981"}],"wp:attachment":[{"href":"https:\/\/mosna-capaclia-heritage.eu\/en\/wp-json\/wp\/v2\/media?parent=50"}],"curies":[{"name":"wp","href":"https:\/\/api.w.org\/{rel}","templated":true}]}}